{"id":1738,"date":"2025-05-07T17:26:31","date_gmt":"2025-05-07T15:26:31","guid":{"rendered":"https:\/\/www.baumstarkarchitecture.com\/?post_type=realisation&#038;p=1738"},"modified":"2026-04-07T19:16:47","modified_gmt":"2026-04-07T17:16:47","slug":"demeure-duzes","status":"publish","type":"realisation","link":"https:\/\/www.baumstarkarchitecture.com\/en\/realisation\/demeure-duzes","title":{"rendered":"Demeure d&rsquo;Uz\u00e8s"},"content":{"rendered":"<div class=\"brz brz-root__container brz-reset-all brz-root__container-page\">\n<section id=\"1249598a6a24009fd5dd_v8yaVa3pVxvo\" class=\"brz-section brz-css-1rgjtd3 brz-css-tlwfut\">\n<div class=\"brz-section__content brz-section--boxed brz-css-1repmds brz-css-jiwsva\" data-brz-custom-id=\"rigp9BqUQhzG\">\n<div class=\"brz-bg\">\n<div class=\"brz-bg-color\"><\/div>\n<\/div>\n<div class=\"brz-container brz-css-gke3hf brz-css-1winttn\">\n<div id=\"\" class=\"brz-css-1slzyti brz-css-x9gux3 brz-wrapper\">\n<div class=\"brz-wp__breadcrumbs brz-css-1xu1c48 brz-css-1vy9p8q\" data-brz-custom-id=\"a14xbMBy5CXW\">\n<div><\/div>\n<\/div>\n<\/div>\n<div id=\"\" class=\"brz-css-1slzyti brz-css-tzze6e brz-css-twzkh brz-wrapper\">\n<div class=\"brz-spacer brz-css-1maxx6r brz-css-1aza9du\"><\/div>\n<\/div>\n<div id=\"\" class=\"brz-css-1slzyti brz-css-1pbks68 brz-wrapper\">\n<div class=\"brz-rich-text brz-rich-text__population brz-css-fnw3e brz-css-1ivk35q brz-css-1wshpb8 brz-css-1mdzoe7\" data-brz-custom-id=\"f4UZL6Em5M_e\"><span>Demeure d&rsquo;Uz\u00e8s<\/span><\/div>\n<\/div>\n<div id=\"\" class=\"brz-css-1slzyti brz-css-1bpieu7 brz-wrapper\">\n<div class=\"brz-rich-text brz-rich-text__population brz-css-fnw3e brz-css-10h0znq brz-css-1wshpb8 brz-css-jk0yc1\" data-brz-custom-id=\"jx4U3AcZ08kv\"><span><a href=\"https:\/\/www.baumstarkarchitecture.com\/en\/categorie_de_realisation\/ancien\/\">Ancien<\/a>, <a href=\"https:\/\/www.baumstarkarchitecture.com\/en\/categorie_de_realisation\/collectif\/\">Collectif<\/a>, <a href=\"https:\/\/www.baumstarkarchitecture.com\/en\/categorie_de_realisation\/renovation\/\">R\u00e9novation<\/a><\/span><\/div>\n<\/div>\n<div class=\"brz-row__container brz-css-qlm44h brz-css-bmv4u3\" data-brz-custom-id=\"qjw7s3x8uBCI\">\n<div class=\"brz-row brz-css-1o9dshn brz-css-1ibo249 brz-css-1nji0tx\">\n<div class=\"brz-columns brz-css-9lw4h brz-css-8562a5\" data-brz-custom-id=\"bVQ62D1zENfH\">\n<div class=\"brz-column__items brz-css-gx3erl brz-css-1dqupy2\">\n<div id=\"\" class=\"brz-css-1slzyti brz-css-jopq2d brz-wrapper\">\n<div class=\"brz-rich-text brz-rich-text__custom brz-css-fnw3e brz-css-1xuuktf\" data-brz-custom-id=\"k11Venli0b7w\">\n<div data-brz-translate-text=\"1\">\n<p class=\"brz-fw-lg-600 brz-fss-lg-px brz-fs-lg-18 brz-ft-google brz-ff-nunito brz-tp-lg-empty brz-fsft-lg-0 brz-fwdth-lg-100 brz-vfw-lg-400 brz-lh-lg-1_7 brz-ls-lg-0 brz-mb-lg-10 brz-css-gpHuf\" data-generated-css=\"brz-css-eZ5X6\" data-uniq-id=\"iMGMP\">R\u00e9novation d&rsquo;un immeuble collectif ancien <\/p>\n<p class=\"brz-fsft-lg-0 brz-fwdth-lg-100 brz-vfw-lg-400 brz-lh-lg-1_7 brz-ls-lg-0 brz-fw-lg-300 brz-fss-lg-px brz-fs-lg-18 brz-ft-google brz-ff-nunito brz-tp-lg-empty brz-mb-lg-0 brz-css-rR5u8\" data-generated-css=\"brz-css-mPip_\" data-uniq-id=\"uauXB\"><span class=\"brz-cp-color7,color3\">Surface d&rsquo;environ 950m\u00b2. Cr\u00e9ation de 11 appartements de caract\u00e8re, r\u00e9novation des fa\u00e7ades et cages d&rsquo;escaliers, cr\u00e9ation d&rsquo;une sur\u00e9l\u00e9vation.<\/span><\/p>\n<\/div>\n<\/div>\n<\/div>\n<div id=\"\" class=\"brz-css-1slzyti brz-css-1r7g4sp brz-wrapper\">\n<div class=\"brz-rich-text brz-rich-text__custom brz-css-fnw3e brz-css-p2e8jc\" data-brz-custom-id=\"sAJFCLXuy7qp\">\n<div data-brz-translate-text=\"1\">\n<p class=\"brz-tp-sm-paragraph brz-tp-xs-paragraph brz-fs-sm-13 brz-fs-xs-13 brz-lh-sm-2 brz-lh-xs-2 brz-fw-sm-400 brz-fw-xs-400 brz-tp-lg-empty brz-ff-nunito brz-ft-google brz-fs-lg-16 brz-fss-lg-px brz-fw-lg-300 brz-ls-lg-0 brz-lh-lg-1_7 brz-vfw-lg-400 brz-fwdth-lg-100 brz-fsft-lg-0 brz-css-hBbyx\" data-uniq-id=\"vhG4E\" data-generated-css=\"brz-css-kRu5e\"><span class=\"brz-cp-color1\">Lieu : Uz\u00e8s (30)<\/span><\/p>\n<p class=\"brz-bcp-color1 brz-tp-sm-paragraph brz-tp-xs-paragraph brz-fs-sm-13 brz-fs-xs-13 brz-lh-sm-2 brz-lh-xs-2 brz-fw-sm-400 brz-fw-xs-400 brz-tp-lg-empty brz-ff-nunito brz-ft-google brz-fs-lg-16 brz-fss-lg-px brz-fw-lg-300 brz-ls-lg-0 brz-lh-lg-1_7 brz-vfw-lg-400 brz-fwdth-lg-100 brz-fsft-lg-0 brz-css-ooHx1\" data-uniq-id=\"sXEIp\" data-generated-css=\"brz-css-cSzJm\"><span class=\"brz-cp-color1\">Ann\u00e9e : 2023<\/span><\/p>\n<p class=\"brz-tp-sm-paragraph brz-tp-xs-paragraph brz-fs-sm-13 brz-fs-xs-13 brz-lh-sm-2 brz-lh-xs-2 brz-fw-sm-400 brz-fw-xs-400 brz-tp-lg-empty brz-ff-nunito brz-ft-google brz-fs-lg-16 brz-fss-lg-px brz-fw-lg-300 brz-ls-lg-0 brz-lh-lg-1_7 brz-vfw-lg-400 brz-fwdth-lg-100 brz-fsft-lg-0 brz-css-zD7cI\" data-uniq-id=\"ub3Eq\" data-generated-css=\"brz-css-rjDsZ\"><span class=\"brz-cp-color1\">Ma\u00eetre d\u2019ouvrage : <\/span><a class=\"link--external brz-cp-color3\" href=\"https:\/\/www.aquipierre.com\/\" data-brz-link-type=\"external\" target=\"_blank\"><u>Aquipierre&nbsp;M\u00e9diterran\u00e9e<\/u><\/a><\/p>\n<p class=\"brz-fs-sm-13 brz-fs-xs-13 brz-lh-sm-2 brz-lh-xs-2 brz-fw-sm-400 brz-fw-xs-400 brz-tp-sm-paragraph brz-tp-xs-paragraph brz-tp-lg-empty brz-ff-nunito brz-ft-google brz-fs-lg-16 brz-fss-lg-px brz-fw-lg-300 brz-ls-lg-0 brz-lh-lg-1_7 brz-vfw-lg-400 brz-fwdth-lg-100 brz-fsft-lg-0 brz-css-yEDXn\" data-uniq-id=\"jiak1\" data-generated-css=\"brz-css-skfw2\"><span class=\"brz-cp-color1\">Architecte : Baumstark <\/span>Architecture<\/p>\n<p class=\"brz-fs-sm-13 brz-fs-xs-13 brz-lh-sm-2 brz-lh-xs-2 brz-fw-sm-400 brz-fw-xs-400 brz-tp-sm-paragraph brz-tp-xs-paragraph brz-tp-lg-empty brz-ff-nunito brz-ft-google brz-fs-lg-16 brz-fss-lg-px brz-fw-lg-300 brz-ls-lg-0 brz-lh-lg-1_7 brz-vfw-lg-400 brz-fwdth-lg-100 brz-fsft-lg-0 brz-css-hTaog\" data-uniq-id=\"fRhOJ\" data-generated-css=\"brz-css-raSyu\"><span class=\"brz-cp-color1\">M<\/span><span class=\"brz-cp-color1\">issions : ESQ, AVP, DPC, PRO<\/span><\/p>\n<\/div>\n<\/div>\n<\/div>\n<\/div>\n<\/div>\n<div class=\"brz-columns brz-css-9lw4h brz-css-3n0y5z\" data-brz-custom-id=\"nmqV5bLQ3G2Q\">\n<div class=\"brz-column__items brz-css-gx3erl brz-css-1nfk9aw\">\n<div id=\"\" class=\"brz-css-1slzyti brz-css-7q8k6l brz-wrapper\">\n<div class=\"brz-image brz-css-vvucgc brz-css-1bfi4qh\" data-brz-custom-id=\"jruNJfYmkV1t\"><img decoding=\"async\" class=\"brz-img\" src=\"https:\/\/www.baumstarkarchitecture.com\/wp-content\/uploads\/brizy\/imgs\/Demeure-Uzes-Baumstark-Architecture-8-555x500x0x195x555x305x1746631843.jpg\" alt=\"Demeure Uzes Baumstark Architecture (8)\" title=\"Demeure Uzes Baumstark Architecture (8)\" loading=\"lazy\"><\/div>\n<\/div>\n<\/div>\n<\/div>\n<\/div>\n<\/div>\n<\/div>\n<\/div>\n<\/section>\n<section id=\"equipe\" class=\"brz-section brz-css-lv7sr9 brz-css-1jti0yw\">\n<div class=\"brz-section__content brz-section--boxed brz-css-jjccd6 brz-css-85pz1i\" data-brz-custom-id=\"y9IYsY0x9ukO\">\n<div class=\"brz-bg\">\n<div class=\"brz-bg-color\"><\/div>\n<\/div>\n<div class=\"brz-container brz-css-u1dx4g brz-css-rrmezy\">\n<div id=\"\" class=\"brz-css-mw781a brz-css-1mcy7tq brz-wrapper\">\n<div class=\"brz-rich-text brz-rich-text__custom brz-css-91hayo brz-css-snldu8\" data-brz-custom-id=\"yb44Hqd2DWkL\">\n<div data-brz-translate-text=\"1\">\n<h1 class=\"brz-fsft-lg-0 brz-fwdth-lg-100 brz-vfw-lg-400 brz-lh-lg-1_3 brz-ls-lg-0 brz-fw-lg-400 brz-fss-lg-px brz-fs-lg-32 brz-ft-upload brz-ff-wP6O4ZFeYG7c brz-tp-lg-empty brz-text-lg-justify brz-css-pizJG\" data-uniq-id=\"mNoXz\" data-generated-css=\"brz-css-qY1Tn\"><strong class=\"brz-bold-true brz-cp-color8\">Le projet en d\u00e9tails et en photos<\/strong><\/h1>\n<\/div>\n<\/div>\n<\/div>\n<div id=\"\" class=\"brz-css-mw781a brz-css-11gkf4x brz-css-1ihnzco brz-wrapper\">\n<div class=\"brz-spacer brz-css-ip6wyh brz-css-1rbewfq\"><\/div>\n<\/div>\n<div class=\"brz-row__container brz-css-gbmtjt brz-css-9sn4n0\" data-brz-custom-id=\"ikrCk0ccm4qu\">\n<div class=\"brz-row brz-css-opvzf7 brz-css-1d7ng7 brz-css-x17jd0\">\n<div class=\"brz-columns brz-css-nvy1py brz-css-1y32hhm\" data-brz-custom-id=\"xy3GD36FpdZO\">\n<div class=\"brz-column__items brz-css-nxw5wg brz-css-apcgm\">\n<div id=\"\" class=\"brz-css-mw781a brz-css-1nfffgn brz-wrapper\">\n<div class=\"brz-image__gallery\" data-brz-custom-id=\"ha1mm3lHOLB9\">\n<div class=\"brz-image__gallery-container\">\n<div class=\"brz-image__gallery-wrapper brz-d-xs-flex brz-flex-xs-wrap brz-image__gallery-justified brz-image__gallery-lightbox brz-css-1pyfcw5 brz-css-olbbn0\" data-settings=\"%7B%22type%22%3A%22justified%22%2C%22settings%22%3A%7B%22rowHeight%22%3A339%2C%22itemSelector%22%3A%22.brz-image__gallery-item%22%2C%22responsive%22%3A%5B%7B%22breakpoint%22%3A1500%2C%22settings%22%3A%7B%22rowHeight%22%3A339%7D%7D%2C%7B%22breakpoint%22%3A991%2C%22settings%22%3A%7B%22rowHeight%22%3A339%7D%7D%2C%7B%22breakpoint%22%3A767%2C%22settings%22%3A%7B%22rowHeight%22%3A250%7D%7D%5D%7D%7D\">\n<div class=\"brz-image__gallery-item\">\n<div class=\"brz-image brz-css-1jtf5sx brz-css-ntwvsl\" data-brz-custom-id=\"ntVt6UIZpOzh\"><a class=\"brz-a\" href=\"https:\/\/www.baumstarkarchitecture.com\/wp-content\/uploads\/2025\/05\/Demeure-Uzes-Baumstark-Architecture-4.jpg\" target=\"_self\" rel=\"noopener\" data-brz-link-type=\"lightBox\"><img decoding=\"async\" class=\"brz-img\" src=\"https:\/\/www.baumstarkarchitecture.com\/wp-content\/uploads\/2025\/05\/Demeure-Uzes-Baumstark-Architecture-4.jpg\" alt=\"Demeure Uzes Baumstark Architecture (4)\" title=\"Demeure Uzes Baumstark Architecture (4)\" loading=\"lazy\"><\/a><\/div>\n<\/div>\n<div class=\"brz-image__gallery-item\">\n<div class=\"brz-image brz-css-fydeo8 brz-css-1c0r8dk\" data-brz-custom-id=\"r5x8rdPEG60a\"><a class=\"brz-a\" href=\"https:\/\/www.baumstarkarchitecture.com\/wp-content\/uploads\/2025\/05\/Demeure-Uzes-Baumstark-Architecture-6.jpg\" target=\"_self\" rel=\"noopener\" data-brz-link-type=\"lightBox\"><img decoding=\"async\" class=\"brz-img\" src=\"https:\/\/www.baumstarkarchitecture.com\/wp-content\/uploads\/2025\/05\/Demeure-Uzes-Baumstark-Architecture-6.jpg\" alt=\"Demeure Uzes Baumstark Architecture (6)\" title=\"Demeure Uzes Baumstark Architecture (6)\" loading=\"lazy\"><\/a><\/div>\n<\/div>\n<div class=\"brz-image__gallery-item\">\n<div class=\"brz-image brz-css-1lspcgx brz-css-1p7cdk2\" data-brz-custom-id=\"aGAMIhmCM1Yf\"><a class=\"brz-a\" href=\"https:\/\/www.baumstarkarchitecture.com\/wp-content\/uploads\/2025\/05\/Demeure-Uzes-Baumstark-Architecture-5.jpg\" target=\"_self\" rel=\"noopener\" data-brz-link-type=\"lightBox\"><img decoding=\"async\" class=\"brz-img\" src=\"https:\/\/www.baumstarkarchitecture.com\/wp-content\/uploads\/2025\/05\/Demeure-Uzes-Baumstark-Architecture-5.jpg\" alt=\"Demeure Uzes Baumstark Architecture (5)\" title=\"Demeure Uzes Baumstark Architecture (5)\" loading=\"lazy\"><\/a><\/div>\n<\/div>\n<div class=\"brz-image__gallery-item\">\n<div class=\"brz-image brz-css-saftmh brz-css-ruen42\" data-brz-custom-id=\"uQg2ZpQFeC7R\"><a class=\"brz-a\" href=\"https:\/\/www.baumstarkarchitecture.com\/wp-content\/uploads\/2025\/05\/Demeure-Uzes-Baumstark-Architecture-2.jpg\" target=\"_self\" rel=\"noopener\" data-brz-link-type=\"lightBox\"><img decoding=\"async\" class=\"brz-img\" src=\"https:\/\/www.baumstarkarchitecture.com\/wp-content\/uploads\/2025\/05\/Demeure-Uzes-Baumstark-Architecture-2.jpg\" alt=\"Demeure Uzes Baumstark Architecture (2)\" title=\"Demeure Uzes Baumstark Architecture (2)\" loading=\"lazy\"><\/a><\/div>\n<\/div>\n<div class=\"brz-image__gallery-item\">\n<div class=\"brz-image brz-css-17jepm2 brz-css-1bfgiym\" data-brz-custom-id=\"rlZr44R_4juL\"><a class=\"brz-a\" href=\"https:\/\/www.baumstarkarchitecture.com\/wp-content\/uploads\/2025\/05\/Demeure-Uzes-Baumstark-Architecture-3.jpg\" target=\"_self\" rel=\"noopener\" data-brz-link-type=\"lightBox\"><img decoding=\"async\" class=\"brz-img\" src=\"https:\/\/www.baumstarkarchitecture.com\/wp-content\/uploads\/2025\/05\/Demeure-Uzes-Baumstark-Architecture-3.jpg\" alt=\"Demeure Uzes Baumstark Architecture (3)\" title=\"Demeure Uzes Baumstark Architecture (3)\" loading=\"lazy\"><\/a><\/div>\n<\/div>\n<div class=\"brz-image__gallery-item\">\n<div class=\"brz-image brz-css-1gkpwl0 brz-css-ae52jv\" data-brz-custom-id=\"qojcOgq3jyN3\"><a class=\"brz-a\" href=\"https:\/\/www.baumstarkarchitecture.com\/wp-content\/uploads\/2025\/05\/Demeure-Uzes-Baumstark-Architecture-1.jpg\" target=\"_self\" rel=\"noopener\" data-brz-link-type=\"lightBox\"><img decoding=\"async\" class=\"brz-img\" src=\"https:\/\/www.baumstarkarchitecture.com\/wp-content\/uploads\/2025\/05\/Demeure-Uzes-Baumstark-Architecture-1.jpg\" alt=\"Demeure Uzes Baumstark Architecture (1)\" title=\"Demeure Uzes Baumstark Architecture (1)\" loading=\"lazy\"><\/a><\/div>\n<\/div>\n<\/div>\n<\/div>\n<\/div>\n<\/div>\n<\/div>\n<\/div>\n<\/div>\n<\/div>\n<div id=\"\" class=\"brz-css-mw781a brz-css-11gkf4x brz-css-e5718 brz-wrapper\">\n<div class=\"brz-spacer brz-css-ip6wyh brz-css-1jg136j\"><\/div>\n<\/div>\n<div class=\"brz-wrapper-clone brz-flex-xs-wrap brz-css-1y6eqs9 brz-css-1sznxwg\" data-brz-custom-id=\"z47PUwF95IWx\"><a class=\"brz-a brz-btn brz-css-1ebitvk brz-css-14v26gh brz-css-3zlk13 brz-css-qd7wmh\" href=\"https:\/\/www.baumstarkarchitecture.com\/en\/projets\/\" target=\"_self\" rel=\"noopener\" data-brz-link-type=\"page\" data-brz-custom-id=\"oo5RWByQH541\"><span data-brz-translate-text=\"1\" class=\"brz-span brz-text__editor\">REVENIR \u00c0 LA LISTE DES PROJETS<\/span><\/a><\/div>\n<\/div>\n<\/div>\n<\/section><\/div>\n<p><!-- version:1752759794 --><\/p>","protected":false},"featured_media":1746,"template":"brizy-blank-template.php","categorie_de_realisation":[9,10,7],"class_list":["post-1738","realisation","type-realisation","status-publish","has-post-thumbnail","hentry","categorie_de_realisation-ancien","categorie_de_realisation-collectif","categorie_de_realisation-renovation"],"brizy_media":[{"id":451,"url":"https:\/\/www.baumstarkarchitecture.com\/wp-content\/uploads\/2025\/04\/baumstark-architecture-chai-coco-Sete-2.jpg","name":"baumstark-architecture-chai-coco-Sete-2.jpg","meta":{"brizy_attachment_uid":"wp-02b7b16918a463bae5e6d6d7ae4d754e.jpg","brizy_post_uid":["be9ff4634255c3bf9d80e62824c940e3"]}},{"id":533,"url":"https:\/\/www.baumstarkarchitecture.com\/wp-content\/uploads\/2025\/04\/Baumstark-architecture-1.jpg","name":"Baumstark-architecture-1.jpg","meta":{"brizy_attachment_uid":"wp-bdf9d71155896d9ff60f3b1ba1fa6ee3.jpg","brizy_post_uid":["a94e234ee1fd897a040e066a64a613b7","be9ff4634255c3bf9d80e62824c940e3"]}},{"id":535,"url":"https:\/\/www.baumstarkarchitecture.com\/wp-content\/uploads\/2025\/04\/Baumstark-architecture-3.jpg","name":"Baumstark-architecture-3.jpg","meta":{"brizy_attachment_uid":"wp-122cd593e74ec0c110dd80eac09773f9.jpg","brizy_post_uid":["a94e234ee1fd897a040e066a64a613b7","be9ff4634255c3bf9d80e62824c940e3"]}},{"id":537,"url":"https:\/\/www.baumstarkarchitecture.com\/wp-content\/uploads\/2025\/04\/Baumstark-architecture-5.jpg","name":"Baumstark-architecture-5.jpg","meta":{"brizy_attachment_uid":"wp-b0c3f23de0746ee79b4c5b81867be41f.jpg","brizy_post_uid":["be9ff4634255c3bf9d80e62824c940e3"]}},{"id":558,"url":"https:\/\/www.baumstarkarchitecture.com\/wp-content\/uploads\/2025\/04\/Baumstark-architecture-7.jpg","name":"Baumstark-architecture-7.jpg","meta":{"brizy_attachment_uid":"wp-e6a9c7f906f74ea5f1602aa5e0f7311e.jpg","brizy_post_uid":["a94e234ee1fd897a040e066a64a613b7","be9ff4634255c3bf9d80e62824c940e3"]}},{"id":1514,"url":"https:\/\/www.baumstarkarchitecture.com\/wp-content\/uploads\/2025\/04\/CEA-ASSA-1.jpg","name":"CEA-ASSA-1.jpg","meta":{"brizy_attachment_uid":"wp-01a40e06b2474a16855cb6d6f4ee35c2.jpg","brizy_post_uid":["be9ff4634255c3bf9d80e62824c940e3"]}},{"id":1515,"url":"https:\/\/www.baumstarkarchitecture.com\/wp-content\/uploads\/2025\/04\/CEA-ASSA-2.jpg","name":"CEA-ASSA-2.jpg","meta":{"brizy_attachment_uid":"wp-8e16ba1fc5f7c6234d1b88e684afa92e.jpg","brizy_post_uid":["be9ff4634255c3bf9d80e62824c940e3"]}},{"id":1516,"url":"https:\/\/www.baumstarkarchitecture.com\/wp-content\/uploads\/2025\/04\/CEA-ASSA-3.jpg","name":"CEA-ASSA-3.jpg","meta":{"brizy_attachment_uid":"wp-0cb9365782ee70c56e5473b671d91ad5.jpg","brizy_post_uid":["be9ff4634255c3bf9d80e62824c940e3"]}},{"id":1517,"url":"https:\/\/www.baumstarkarchitecture.com\/wp-content\/uploads\/2025\/04\/CEA-ASSA-4.jpg","name":"CEA-ASSA-4.jpg","meta":{"brizy_attachment_uid":"wp-63dee1104d053638847d6556622eb990.jpg","brizy_post_uid":["be9ff4634255c3bf9d80e62824c940e3"]}},{"id":1518,"url":"https:\/\/www.baumstarkarchitecture.com\/wp-content\/uploads\/2025\/04\/CEA-ASSA-5.jpg","name":"CEA-ASSA-5.jpg","meta":{"brizy_attachment_uid":"wp-f8346e65ddbfa8201db7b994d1f4f67e.jpg","brizy_post_uid":["be9ff4634255c3bf9d80e62824c940e3"]}},{"id":1519,"url":"https:\/\/www.baumstarkarchitecture.com\/wp-content\/uploads\/2025\/04\/CEA-ASSA-6.jpg","name":"CEA-ASSA-6.jpg","meta":{"brizy_attachment_uid":"wp-94ca7189cea5831b2af0ac74052e4d2b.jpg","brizy_post_uid":["be9ff4634255c3bf9d80e62824c940e3"]}},{"id":1520,"url":"https:\/\/www.baumstarkarchitecture.com\/wp-content\/uploads\/2025\/04\/CEA-ASSA-7.jpg","name":"CEA-ASSA-7.jpg","meta":{"brizy_attachment_uid":"wp-6cb9c5362b8095804a0674121753bd43.jpg","brizy_post_uid":["be9ff4634255c3bf9d80e62824c940e3"]}},{"id":1521,"url":"https:\/\/www.baumstarkarchitecture.com\/wp-content\/uploads\/2025\/04\/CEA-ASSA-8.jpg","name":"CEA-ASSA-8.jpg","meta":{"brizy_attachment_uid":"wp-e1fb5413af0e405d0c3acfb1a1f6485b.jpg","brizy_post_uid":["be9ff4634255c3bf9d80e62824c940e3"]}},{"id":1522,"url":"https:\/\/www.baumstarkarchitecture.com\/wp-content\/uploads\/2025\/04\/CEA-ASSA-9.jpg","name":"CEA-ASSA-9.jpg","meta":{"brizy_attachment_uid":"wp-d4f68c4b1b03262d30ef67431cec2789.jpg","brizy_post_uid":["be9ff4634255c3bf9d80e62824c940e3"]}},{"id":1546,"url":"https:\/\/www.baumstarkarchitecture.com\/wp-content\/uploads\/2025\/04\/baumstark-architecture-chai-coco-Sete-3.jpg","name":"baumstark-architecture-chai-coco-Sete-3.jpg","meta":{"brizy_attachment_uid":"wp-9940f38db35321a5064e1283ca3d6878.jpg","brizy_post_uid":["be9ff4634255c3bf9d80e62824c940e3"]}},{"id":1547,"url":"https:\/\/www.baumstarkarchitecture.com\/wp-content\/uploads\/2025\/04\/baumstark-architecture-chai-coco-Sete-4.jpg","name":"baumstark-architecture-chai-coco-Sete-4.jpg","meta":{"brizy_attachment_uid":"wp-7fdc44aba00d5086ed64022f22af57c9.jpg","brizy_post_uid":["be9ff4634255c3bf9d80e62824c940e3"]}},{"id":1548,"url":"https:\/\/www.baumstarkarchitecture.com\/wp-content\/uploads\/2025\/04\/baumstark-architecture-chai-coco-Sete-5.jpg","name":"baumstark-architecture-chai-coco-Sete-5.jpg","meta":{"brizy_attachment_uid":"wp-95733231ea8ed62f500a11110c4f3284.jpg","brizy_post_uid":["be9ff4634255c3bf9d80e62824c940e3"]}},{"id":1549,"url":"https:\/\/www.baumstarkarchitecture.com\/wp-content\/uploads\/2025\/04\/baumstark-architecture-chai-coco-Sete-6.jpg","name":"baumstark-architecture-chai-coco-Sete-6.jpg","meta":{"brizy_attachment_uid":"wp-350702123cd16eb164eaebd474cabe8f.jpg","brizy_post_uid":["be9ff4634255c3bf9d80e62824c940e3"]}},{"id":1550,"url":"https:\/\/www.baumstarkarchitecture.com\/wp-content\/uploads\/2025\/04\/baumstark-architecture-chai-coco-Sete-7.jpg","name":"baumstark-architecture-chai-coco-Sete-7.jpg","meta":{"brizy_attachment_uid":"wp-ca857c52bfb78ebcb19f2ad62238d3ad.jpg","brizy_post_uid":["be9ff4634255c3bf9d80e62824c940e3"]}},{"id":1551,"url":"https:\/\/www.baumstarkarchitecture.com\/wp-content\/uploads\/2025\/04\/baumstark-architecture-chai-coco-Sete-8.jpg","name":"baumstark-architecture-chai-coco-Sete-8.jpg","meta":{"brizy_attachment_uid":"wp-b39d314b0880d2f517e152639e341365.jpg","brizy_post_uid":["be9ff4634255c3bf9d80e62824c940e3"]}},{"id":1552,"url":"https:\/\/www.baumstarkarchitecture.com\/wp-content\/uploads\/2025\/04\/baumstark-architecture-chai-coco-Sete-9.jpg","name":"baumstark-architecture-chai-coco-Sete-9.jpg","meta":{"brizy_attachment_uid":"wp-27b9be926cf9cf61d4471aa1d4f4095f.jpg","brizy_post_uid":["be9ff4634255c3bf9d80e62824c940e3"]}},{"id":1553,"url":"https:\/\/www.baumstarkarchitecture.com\/wp-content\/uploads\/2025\/04\/baumstark-architecture-chai-coco-Sete-12.jpg","name":"baumstark-architecture-chai-coco-Sete-12.jpg","meta":{"brizy_attachment_uid":"wp-8e10bb1d5b00e14a024681ff89ae7881.jpg","brizy_post_uid":["be9ff4634255c3bf9d80e62824c940e3"]}},{"id":1641,"url":"https:\/\/www.baumstarkarchitecture.com\/wp-content\/uploads\/2025\/05\/Baumstark-Architecture-Villa-Marguerite-1.jpg","name":"Baumstark-Architecture-Villa-Marguerite-1.jpg","meta":{"brizy_attachment_uid":"wp-6f4202825ae4558dd25691b9c5edcc71.jpg","brizy_post_uid":["be9ff4634255c3bf9d80e62824c940e3"]}},{"id":1642,"url":"https:\/\/www.baumstarkarchitecture.com\/wp-content\/uploads\/2025\/05\/Baumstark-Architecture-Villa-Marguerite-2.jpg","name":"Baumstark-Architecture-Villa-Marguerite-2.jpg","meta":{"brizy_attachment_uid":"wp-5d80c68cb08a479582b25c24fdf43c14.jpg","brizy_post_uid":["be9ff4634255c3bf9d80e62824c940e3"]}},{"id":1643,"url":"https:\/\/www.baumstarkarchitecture.com\/wp-content\/uploads\/2025\/05\/Baumstark-Architecture-Villa-Marguerite-3.jpg","name":"Baumstark-Architecture-Villa-Marguerite-3.jpg","meta":{"brizy_attachment_uid":"wp-7dc5e6a261f9503eb009c49227b2c6ab.jpg","brizy_post_uid":["be9ff4634255c3bf9d80e62824c940e3"]}},{"id":1644,"url":"https:\/\/www.baumstarkarchitecture.com\/wp-content\/uploads\/2025\/05\/Baumstark-Architecture-Villa-Marguerite-4.jpg","name":"Baumstark-Architecture-Villa-Marguerite-4.jpg","meta":{"brizy_attachment_uid":"wp-4738c14d335533196809b45102ef4041.jpg","brizy_post_uid":["be9ff4634255c3bf9d80e62824c940e3"]}},{"id":1645,"url":"https:\/\/www.baumstarkarchitecture.com\/wp-content\/uploads\/2025\/05\/Baumstark-Architecture-Villa-Marguerite-5.jpg","name":"Baumstark-Architecture-Villa-Marguerite-5.jpg","meta":{"brizy_attachment_uid":"wp-e1506090ce7cd4a8e98064c25467de6c.jpg","brizy_post_uid":["be9ff4634255c3bf9d80e62824c940e3"]}},{"id":1646,"url":"https:\/\/www.baumstarkarchitecture.com\/wp-content\/uploads\/2025\/05\/Baumstark-Architecture-Villa-Marguerite-6.jpg","name":"Baumstark-Architecture-Villa-Marguerite-6.jpg","meta":{"brizy_attachment_uid":"wp-1c510c36ca320ac3241b395ec44442c0.jpg","brizy_post_uid":["be9ff4634255c3bf9d80e62824c940e3"]}},{"id":1647,"url":"https:\/\/www.baumstarkarchitecture.com\/wp-content\/uploads\/2025\/05\/Baumstark-Architecture-Villa-Marguerite-7.jpg","name":"Baumstark-Architecture-Villa-Marguerite-7.jpg","meta":{"brizy_attachment_uid":"wp-299b57df8807d183c00140ed7cc8d23a.jpg","brizy_post_uid":["be9ff4634255c3bf9d80e62824c940e3"]}},{"id":1648,"url":"https:\/\/www.baumstarkarchitecture.com\/wp-content\/uploads\/2025\/05\/Baumstark-Architecture-Villa-Marguerite-8.jpg","name":"Baumstark-Architecture-Villa-Marguerite-8.jpg","meta":{"brizy_attachment_uid":"wp-8bc0ebb92e0e2ab3706accd778cc723e.jpg","brizy_post_uid":["be9ff4634255c3bf9d80e62824c940e3"]}},{"id":1649,"url":"https:\/\/www.baumstarkarchitecture.com\/wp-content\/uploads\/2025\/05\/Baumstark-Architecture-Villa-Marguerite-9.jpg","name":"Baumstark-Architecture-Villa-Marguerite-9.jpg","meta":{"brizy_attachment_uid":"wp-e4231df45ba4a69cd0e52cdfb734d25d.jpg","brizy_post_uid":["be9ff4634255c3bf9d80e62824c940e3"]}},{"id":1650,"url":"https:\/\/www.baumstarkarchitecture.com\/wp-content\/uploads\/2025\/05\/Baumstark-Architecture-Villa-Marguerite-10.jpg","name":"Baumstark-Architecture-Villa-Marguerite-10.jpg","meta":{"brizy_attachment_uid":"wp-82fd3679aa8c3c87f2038a1277ecd9c2.jpg","brizy_post_uid":["be9ff4634255c3bf9d80e62824c940e3"]}},{"id":1651,"url":"https:\/\/www.baumstarkarchitecture.com\/wp-content\/uploads\/2025\/05\/Baumstark-Architecture-Villa-Marguerite-11.jpg","name":"Baumstark-Architecture-Villa-Marguerite-11.jpg","meta":{"brizy_attachment_uid":"wp-fbf3007e3d52462561c072e547e5f4a2.jpg","brizy_post_uid":["be9ff4634255c3bf9d80e62824c940e3"]}},{"id":1660,"url":"https:\/\/www.baumstarkarchitecture.com\/wp-content\/uploads\/2025\/04\/Baia-2-Titus-Baumstark-architecte-Gignac-Montpellier.jpg","name":"Baia-2-Titus-Baumstark-architecte-Gignac-Montpellier.jpg","meta":{"brizy_attachment_uid":"wp-7d80d14a522567b5ff84519b4b4763ef.jpg","brizy_post_uid":["be9ff4634255c3bf9d80e62824c940e3"]}},{"id":1661,"url":"https:\/\/www.baumstarkarchitecture.com\/wp-content\/uploads\/2025\/04\/Baia-3-Titus-Baumstark-architecte-Gignac-Montpellier.jpg","name":"Baia-3-Titus-Baumstark-architecte-Gignac-Montpellier.jpg","meta":{"brizy_attachment_uid":"wp-cde58edb0a87573c683ce333e7a11387.jpg","brizy_post_uid":["be9ff4634255c3bf9d80e62824c940e3"]}},{"id":1662,"url":"https:\/\/www.baumstarkarchitecture.com\/wp-content\/uploads\/2025\/04\/Baia-4-Titus-Baumstark-architecte-Gignac-Montpellier.jpg","name":"Baia-4-Titus-Baumstark-architecte-Gignac-Montpellier.jpg","meta":{"brizy_attachment_uid":"wp-cf371a5d06d3b19e9a027c5ca2432b44.jpg","brizy_post_uid":["be9ff4634255c3bf9d80e62824c940e3"]}},{"id":1663,"url":"https:\/\/www.baumstarkarchitecture.com\/wp-content\/uploads\/2025\/04\/Baia-5-Titus-Baumstark-architecte-Gignac-Montpellier.jpg","name":"Baia-5-Titus-Baumstark-architecte-Gignac-Montpellier.jpg","meta":{"brizy_attachment_uid":"wp-5119d9298e4274a4b7437709d0c086ff.jpg","brizy_post_uid":["be9ff4634255c3bf9d80e62824c940e3"]}},{"id":1664,"url":"https:\/\/www.baumstarkarchitecture.com\/wp-content\/uploads\/2025\/04\/Baia-6-Titus-Baumstark-architecte-Gignac-Montpellier.jpg","name":"Baia-6-Titus-Baumstark-architecte-Gignac-Montpellier.jpg","meta":{"brizy_attachment_uid":"wp-0d6f35ac82767f9a6213cdc059d03d77.jpg","brizy_post_uid":["be9ff4634255c3bf9d80e62824c940e3"]}},{"id":1665,"url":"https:\/\/www.baumstarkarchitecture.com\/wp-content\/uploads\/2025\/04\/Baia-7-Titus-Baumstark-architecte-Gignac-Montpellier.jpg","name":"Baia-7-Titus-Baumstark-architecte-Gignac-Montpellier.jpg","meta":{"brizy_attachment_uid":"wp-e43b51c835ab3316c6082fa7bdedcb4a.jpg","brizy_post_uid":["be9ff4634255c3bf9d80e62824c940e3"]}},{"id":1666,"url":"https:\/\/www.baumstarkarchitecture.com\/wp-content\/uploads\/2025\/04\/Baia-8-Titus-Baumstark-architecte-Gignac-Montpellier.jpg","name":"Baia-8-Titus-Baumstark-architecte-Gignac-Montpellier.jpg","meta":{"brizy_attachment_uid":"wp-2faa68d0ab3bb9290f3d8903f379770f.jpg","brizy_post_uid":["be9ff4634255c3bf9d80e62824c940e3"]}},{"id":1667,"url":"https:\/\/www.baumstarkarchitecture.com\/wp-content\/uploads\/2025\/04\/Baia-9-Titus-Baumstark-architecte-Gignac-Montpellier.jpg","name":"Baia-9-Titus-Baumstark-architecte-Gignac-Montpellier.jpg","meta":{"brizy_attachment_uid":"wp-42e09bbb91a5e030a39716805a818aff.jpg","brizy_post_uid":["be9ff4634255c3bf9d80e62824c940e3"]}},{"id":1669,"url":"https:\/\/www.baumstarkarchitecture.com\/wp-content\/uploads\/2025\/04\/Baia-11-Titus-Baumstark-architecte-Gignac-Montpellier.jpg","name":"Baia-11-Titus-Baumstark-architecte-Gignac-Montpellier.jpg","meta":{"brizy_attachment_uid":"wp-cd978189a6ac40602156771908465393.jpg","brizy_post_uid":["be9ff4634255c3bf9d80e62824c940e3"]}},{"id":1670,"url":"https:\/\/www.baumstarkarchitecture.com\/wp-content\/uploads\/2025\/04\/Baia-12-Titus-Baumstark-architecte-Gignac-Montpellier.jpg","name":"Baia-12-Titus-Baumstark-architecte-Gignac-Montpellier.jpg","meta":{"brizy_attachment_uid":"wp-d85ac12c74c55f59bf5337bfb3101a20.jpg","brizy_post_uid":["be9ff4634255c3bf9d80e62824c940e3"]}},{"id":1671,"url":"https:\/\/www.baumstarkarchitecture.com\/wp-content\/uploads\/2025\/04\/Baia-13-Titus-Baumstark-architecte-Gignac-Montpellier.jpg","name":"Baia-13-Titus-Baumstark-architecte-Gignac-Montpellier.jpg","meta":{"brizy_attachment_uid":"wp-5a128419296df5ae38056da0fd49aaa7.jpg","brizy_post_uid":["be9ff4634255c3bf9d80e62824c940e3"]}},{"id":1672,"url":"https:\/\/www.baumstarkarchitecture.com\/wp-content\/uploads\/2025\/04\/Baia-14-Titus-Baumstark-architecte-Gignac-Montpellier.jpg","name":"Baia-14-Titus-Baumstark-architecte-Gignac-Montpellier.jpg","meta":{"brizy_attachment_uid":"wp-0366c0262e3fc898c083d7b5ed569485.jpg","brizy_post_uid":["be9ff4634255c3bf9d80e62824c940e3"]}},{"id":1673,"url":"https:\/\/www.baumstarkarchitecture.com\/wp-content\/uploads\/2025\/04\/Baia-15-Titus-Baumstark-architecte-Gignac-Montpellier.jpg","name":"Baia-15-Titus-Baumstark-architecte-Gignac-Montpellier.jpg","meta":{"brizy_attachment_uid":"wp-2bcf4d99960555d5a1b2cbe92a8b1e8a.jpg","brizy_post_uid":["be9ff4634255c3bf9d80e62824c940e3"]}},{"id":1685,"url":"https:\/\/www.baumstarkarchitecture.com\/wp-content\/uploads\/2025\/04\/immeuble-5-Av-Alphonse-Mas-Baumstark-Architecture-1.jpg","name":"immeuble-5-Av-Alphonse-Mas-Baumstark-Architecture-1.jpg","meta":{"brizy_attachment_uid":"wp-9a5036917936419536f039fe8c5dc0e0.jpg","brizy_post_uid":["be9ff4634255c3bf9d80e62824c940e3"]}},{"id":1686,"url":"https:\/\/www.baumstarkarchitecture.com\/wp-content\/uploads\/2025\/04\/immeuble-5-Av-Alphonse-Mas-Baumstark-Architecture-2.jpg","name":"immeuble-5-Av-Alphonse-Mas-Baumstark-Architecture-2.jpg","meta":{"brizy_attachment_uid":"wp-3e12143b5b0d28c2464d35b128e9441a.jpg","brizy_post_uid":["be9ff4634255c3bf9d80e62824c940e3"]}},{"id":1687,"url":"https:\/\/www.baumstarkarchitecture.com\/wp-content\/uploads\/2025\/04\/immeuble-5-Av-Alphonse-Mas-Baumstark-Architecture-3.jpg","name":"immeuble-5-Av-Alphonse-Mas-Baumstark-Architecture-3.jpg","meta":{"brizy_attachment_uid":"wp-af36a2eb71cedcd7bb7d7ddb3e55cbf7.jpg","brizy_post_uid":["be9ff4634255c3bf9d80e62824c940e3"]}},{"id":1688,"url":"https:\/\/www.baumstarkarchitecture.com\/wp-content\/uploads\/2025\/04\/immeuble-5-Av-Alphonse-Mas-Baumstark-Architecture-4.jpg","name":"immeuble-5-Av-Alphonse-Mas-Baumstark-Architecture-4.jpg","meta":{"brizy_attachment_uid":"wp-377f17acadd88739c89221fdecea6455.jpg","brizy_post_uid":["be9ff4634255c3bf9d80e62824c940e3"]}},{"id":1689,"url":"https:\/\/www.baumstarkarchitecture.com\/wp-content\/uploads\/2025\/04\/immeuble-5-Av-Alphonse-Mas-Baumstark-Architecture-5.jpg","name":"immeuble-5-Av-Alphonse-Mas-Baumstark-Architecture-5.jpg","meta":{"brizy_attachment_uid":"wp-2a9b50154e6b3912684d1612692b3cc9.jpg","brizy_post_uid":["be9ff4634255c3bf9d80e62824c940e3"]}},{"id":1690,"url":"https:\/\/www.baumstarkarchitecture.com\/wp-content\/uploads\/2025\/04\/immeuble-5-Av-Alphonse-Mas-Baumstark-Architecture-6.jpg","name":"immeuble-5-Av-Alphonse-Mas-Baumstark-Architecture-6.jpg","meta":{"brizy_attachment_uid":"wp-30123102d7ad5f799077b203e3ede6d3.jpg","brizy_post_uid":["be9ff4634255c3bf9d80e62824c940e3"]}},{"id":1691,"url":"https:\/\/www.baumstarkarchitecture.com\/wp-content\/uploads\/2025\/04\/immeuble-5-Av-Alphonse-Mas-Baumstark-Architecture-7.jpg","name":"immeuble-5-Av-Alphonse-Mas-Baumstark-Architecture-7.jpg","meta":{"brizy_attachment_uid":"wp-dfc33854b6ffff66f7e2b8f972760605.jpg","brizy_post_uid":["be9ff4634255c3bf9d80e62824c940e3"]}},{"id":1692,"url":"https:\/\/www.baumstarkarchitecture.com\/wp-content\/uploads\/2025\/04\/immeuble-5-Av-Alphonse-Mas-Baumstark-Architecture-8.jpg","name":"immeuble-5-Av-Alphonse-Mas-Baumstark-Architecture-8.jpg","meta":{"brizy_attachment_uid":"wp-09df23f33c707d1ea3bdd85af07b267b.jpg","brizy_post_uid":["be9ff4634255c3bf9d80e62824c940e3"]}},{"id":1702,"url":"https:\/\/www.baumstarkarchitecture.com\/wp-content\/uploads\/2025\/04\/Titus-Baumstark-architecte-gite-Aniane-Gignac-1.jpg","name":"Titus-Baumstark-architecte-gite-Aniane-Gignac-1.jpg","meta":{"brizy_attachment_uid":"wp-24dbf0a54bc7d9c883a3fa4d3912da8e.jpg","brizy_post_uid":["be9ff4634255c3bf9d80e62824c940e3"]}},{"id":1703,"url":"https:\/\/www.baumstarkarchitecture.com\/wp-content\/uploads\/2025\/04\/Titus-Baumstark-architecte-gite-Aniane-Gignac-2.jpg","name":"Titus-Baumstark-architecte-gite-Aniane-Gignac-2.jpg","meta":{"brizy_attachment_uid":"wp-f7d719d07c9eabfd3151dc599a6da49f.jpg","brizy_post_uid":["be9ff4634255c3bf9d80e62824c940e3"]}},{"id":1704,"url":"https:\/\/www.baumstarkarchitecture.com\/wp-content\/uploads\/2025\/04\/Titus-Baumstark-architecte-gite-Aniane-Gignac-3.jpg","name":"Titus-Baumstark-architecte-gite-Aniane-Gignac-3.jpg","meta":{"brizy_attachment_uid":"wp-4ad380b8474bb55b35626d7fd1641ec8.jpg","brizy_post_uid":["be9ff4634255c3bf9d80e62824c940e3","a94e234ee1fd897a040e066a64a613b7"]}},{"id":1705,"url":"https:\/\/www.baumstarkarchitecture.com\/wp-content\/uploads\/2025\/04\/Titus-Baumstark-architecte-gite-Aniane-Gignac-4.jpg","name":"Titus-Baumstark-architecte-gite-Aniane-Gignac-4.jpg","meta":{"brizy_attachment_uid":"wp-5276bc7345c5fee00202d2acd9d38ebb.jpg","brizy_post_uid":["be9ff4634255c3bf9d80e62824c940e3"]}},{"id":1706,"url":"https:\/\/www.baumstarkarchitecture.com\/wp-content\/uploads\/2025\/04\/Titus-Baumstark-architecte-gite-Aniane-Gignac-5.jpg","name":"Titus-Baumstark-architecte-gite-Aniane-Gignac-5.jpg","meta":{"brizy_attachment_uid":"wp-9c1dd65fa98b808bb3b34043c25f5ec0.jpg","brizy_post_uid":["be9ff4634255c3bf9d80e62824c940e3"]}},{"id":1707,"url":"https:\/\/www.baumstarkarchitecture.com\/wp-content\/uploads\/2025\/04\/Titus-Baumstark-architecte-gite-Aniane-Gignac-6.jpg","name":"Titus-Baumstark-architecte-gite-Aniane-Gignac-6.jpg","meta":{"brizy_attachment_uid":"wp-e8e05b214ef504be7bd47838a5cefadb.jpg","brizy_post_uid":["be9ff4634255c3bf9d80e62824c940e3"]}},{"id":1708,"url":"https:\/\/www.baumstarkarchitecture.com\/wp-content\/uploads\/2025\/04\/Titus-Baumstark-architecte-gite-Aniane-Gignac-7.jpg","name":"Titus-Baumstark-architecte-gite-Aniane-Gignac-7.jpg","meta":{"brizy_attachment_uid":"wp-2d8e315454a25383ec5a9cf88e62c43e.jpg","brizy_post_uid":["be9ff4634255c3bf9d80e62824c940e3"]}},{"id":1718,"url":"https:\/\/www.baumstarkarchitecture.com\/wp-content\/uploads\/2025\/05\/Le-Cap-Cassis-Titus-Baumstark-architecture-P1.jpg","name":"Le-Cap-Cassis-Titus-Baumstark-architecture-P1.jpg","meta":{"brizy_attachment_uid":"wp-aa3fa1741cebfaf55713c9c423a3a782.jpg","brizy_post_uid":["be9ff4634255c3bf9d80e62824c940e3"]}},{"id":1719,"url":"https:\/\/www.baumstarkarchitecture.com\/wp-content\/uploads\/2025\/05\/Le-Cap-Cassis-Titus-Baumstark-architecture-P2.jpg","name":"Le-Cap-Cassis-Titus-Baumstark-architecture-P2.jpg","meta":{"brizy_attachment_uid":"wp-da775a54918d5dfc33c9a0d36bc23929.jpg","brizy_post_uid":["be9ff4634255c3bf9d80e62824c940e3"]}},{"id":1720,"url":"https:\/\/www.baumstarkarchitecture.com\/wp-content\/uploads\/2025\/05\/Le-Cap-Cassis-Titus-Baumstark-architecture-P3.jpg","name":"Le-Cap-Cassis-Titus-Baumstark-architecture-P3.jpg","meta":{"brizy_attachment_uid":"wp-c1927c1f2f6c74feeffc56c7b510cacc.jpg","brizy_post_uid":["be9ff4634255c3bf9d80e62824c940e3"]}},{"id":1721,"url":"https:\/\/www.baumstarkarchitecture.com\/wp-content\/uploads\/2025\/05\/Le-Cap-Cassis-Titus-Baumstark-architecture-P4.jpg","name":"Le-Cap-Cassis-Titus-Baumstark-architecture-P4.jpg","meta":{"brizy_attachment_uid":"wp-5ff0f1f42fbcf7a5ede6165cf3e653cd.jpg","brizy_post_uid":["be9ff4634255c3bf9d80e62824c940e3"]}},{"id":1739,"url":"https:\/\/www.baumstarkarchitecture.com\/wp-content\/uploads\/2025\/05\/Demeure-Uzes-Baumstark-Architecture-1.jpg","name":"Demeure-Uzes-Baumstark-Architecture-1.jpg","meta":{"brizy_attachment_uid":"wp-0fd9869e1160e7ff2e315cf3fd2038f4.jpg","brizy_post_uid":["be9ff4634255c3bf9d80e62824c940e3"]}},{"id":1740,"url":"https:\/\/www.baumstarkarchitecture.com\/wp-content\/uploads\/2025\/05\/Demeure-Uzes-Baumstark-Architecture-2.jpg","name":"Demeure-Uzes-Baumstark-Architecture-2.jpg","meta":{"brizy_attachment_uid":"wp-8e417abbb97c19edae34bd7d0703461f.jpg","brizy_post_uid":["be9ff4634255c3bf9d80e62824c940e3"]}},{"id":1741,"url":"https:\/\/www.baumstarkarchitecture.com\/wp-content\/uploads\/2025\/05\/Demeure-Uzes-Baumstark-Architecture-3.jpg","name":"Demeure-Uzes-Baumstark-Architecture-3.jpg","meta":{"brizy_attachment_uid":"wp-8faf4f94dae16df8d2806c59f3a9e599.jpg","brizy_post_uid":["be9ff4634255c3bf9d80e62824c940e3"]}},{"id":1742,"url":"https:\/\/www.baumstarkarchitecture.com\/wp-content\/uploads\/2025\/05\/Demeure-Uzes-Baumstark-Architecture-4.jpg","name":"Demeure-Uzes-Baumstark-Architecture-4.jpg","meta":{"brizy_attachment_uid":"wp-624fc3f1538079133d544b43d64bd212.jpg","brizy_post_uid":["be9ff4634255c3bf9d80e62824c940e3"]}},{"id":1743,"url":"https:\/\/www.baumstarkarchitecture.com\/wp-content\/uploads\/2025\/05\/Demeure-Uzes-Baumstark-Architecture-5.jpg","name":"Demeure-Uzes-Baumstark-Architecture-5.jpg","meta":{"brizy_attachment_uid":"wp-7d762e1bdb490e321b53a8ef81303684.jpg","brizy_post_uid":["be9ff4634255c3bf9d80e62824c940e3"]}},{"id":1744,"url":"https:\/\/www.baumstarkarchitecture.com\/wp-content\/uploads\/2025\/05\/Demeure-Uzes-Baumstark-Architecture-6.jpg","name":"Demeure-Uzes-Baumstark-Architecture-6.jpg","meta":{"brizy_attachment_uid":"wp-49a9d4e54436301f6219646a9cda54b5.jpg","brizy_post_uid":["be9ff4634255c3bf9d80e62824c940e3"]}},{"id":1745,"url":"https:\/\/www.baumstarkarchitecture.com\/wp-content\/uploads\/2025\/05\/Demeure-Uzes-Baumstark-Architecture-7.jpg","name":"Demeure-Uzes-Baumstark-Architecture-7.jpg","meta":{"brizy_attachment_uid":"wp-52f20a19c57bad37d7aaa17fc54ae9c7.jpg","brizy_post_uid":["be9ff4634255c3bf9d80e62824c940e3"]}},{"id":1746,"url":"https:\/\/www.baumstarkarchitecture.com\/wp-content\/uploads\/2025\/05\/Demeure-Uzes-Baumstark-Architecture-8.jpg","name":"Demeure-Uzes-Baumstark-Architecture-8.jpg","meta":{"brizy_attachment_uid":"wp-5e51335cf1efa3affe322aee790a0fb0.jpg","brizy_post_uid":["be9ff4634255c3bf9d80e62824c940e3"]}},{"id":1757,"url":"https:\/\/www.baumstarkarchitecture.com\/wp-content\/uploads\/2025\/05\/baumstark-architecture-chai-coco-Sete-1.jpg","name":"baumstark-architecture-chai-coco-Sete-1.jpg","meta":{"brizy_attachment_uid":"wp-daf6706afca5e214e998fe59a6214143.jpg","brizy_post_uid":["be9ff4634255c3bf9d80e62824c940e3"]}},{"id":1758,"url":"https:\/\/www.baumstarkarchitecture.com\/wp-content\/uploads\/2025\/05\/baumstark-architecture-chai-coco-Sete-2.jpg","name":"baumstark-architecture-chai-coco-Sete-2.jpg","meta":{"brizy_attachment_uid":"wp-3a338e487a52872b1d3007aa0be2809a.jpg","brizy_post_uid":["be9ff4634255c3bf9d80e62824c940e3"]}},{"id":1759,"url":"https:\/\/www.baumstarkarchitecture.com\/wp-content\/uploads\/2025\/05\/baumstark-architecture-chai-coco-Sete-3.jpg","name":"baumstark-architecture-chai-coco-Sete-3.jpg","meta":{"brizy_attachment_uid":"wp-f709542c8dd30c4d556bf7e1985ee4b7.jpg","brizy_post_uid":["be9ff4634255c3bf9d80e62824c940e3"]}},{"id":1760,"url":"https:\/\/www.baumstarkarchitecture.com\/wp-content\/uploads\/2025\/05\/baumstark-architecture-chai-coco-Sete-4.jpg","name":"baumstark-architecture-chai-coco-Sete-4.jpg","meta":{"brizy_attachment_uid":"wp-d04dde2df16888bcc353cd48c24f227e.jpg","brizy_post_uid":["be9ff4634255c3bf9d80e62824c940e3"]}},{"id":1761,"url":"https:\/\/www.baumstarkarchitecture.com\/wp-content\/uploads\/2025\/05\/baumstark-architecture-chai-coco-Sete-5.jpg","name":"baumstark-architecture-chai-coco-Sete-5.jpg","meta":{"brizy_attachment_uid":"wp-1814e8cc4df9dbb3b20286b91924463c.jpg","brizy_post_uid":["be9ff4634255c3bf9d80e62824c940e3"]}},{"id":1762,"url":"https:\/\/www.baumstarkarchitecture.com\/wp-content\/uploads\/2025\/05\/baumstark-architecture-chai-coco-Sete-6.jpg","name":"baumstark-architecture-chai-coco-Sete-6.jpg","meta":{"brizy_attachment_uid":"wp-9e77edacce8067a70f3fcebf3e390f38.jpg","brizy_post_uid":["be9ff4634255c3bf9d80e62824c940e3"]}},{"id":1763,"url":"https:\/\/www.baumstarkarchitecture.com\/wp-content\/uploads\/2025\/05\/baumstark-architecture-chai-coco-Sete-7.jpg","name":"baumstark-architecture-chai-coco-Sete-7.jpg","meta":{"brizy_attachment_uid":"wp-4cf8d2c8f9da4f0cd3bf871d8ba71dde.jpg","brizy_post_uid":["be9ff4634255c3bf9d80e62824c940e3"]}},{"id":1764,"url":"https:\/\/www.baumstarkarchitecture.com\/wp-content\/uploads\/2025\/05\/baumstark-architecture-chai-coco-Sete-8.jpg","name":"baumstark-architecture-chai-coco-Sete-8.jpg","meta":{"brizy_attachment_uid":"wp-7ecd6eb7924384eb2407252ac9b91499.jpg","brizy_post_uid":["be9ff4634255c3bf9d80e62824c940e3"]}},{"id":1765,"url":"https:\/\/www.baumstarkarchitecture.com\/wp-content\/uploads\/2025\/05\/baumstark-architecture-chai-coco-Sete-9.jpg","name":"baumstark-architecture-chai-coco-Sete-9.jpg","meta":{"brizy_attachment_uid":"wp-ca31fa93ba35f10242577178c14d489a.jpg","brizy_post_uid":["be9ff4634255c3bf9d80e62824c940e3"]}},{"id":1766,"url":"https:\/\/www.baumstarkarchitecture.com\/wp-content\/uploads\/2025\/05\/baumstark-architecture-chai-coco-Sete-10.jpg","name":"baumstark-architecture-chai-coco-Sete-10.jpg","meta":{"brizy_attachment_uid":"wp-88a73b63e83a060d6608321581ce43b4.jpg","brizy_post_uid":["be9ff4634255c3bf9d80e62824c940e3"]}},{"id":1767,"url":"https:\/\/www.baumstarkarchitecture.com\/wp-content\/uploads\/2025\/05\/baumstark-architecture-chai-coco-Sete-11.jpg","name":"baumstark-architecture-chai-coco-Sete-11.jpg","meta":{"brizy_attachment_uid":"wp-a439946285898f84077a1658f9d4a74a.jpg","brizy_post_uid":["be9ff4634255c3bf9d80e62824c940e3"]}},{"id":1768,"url":"https:\/\/www.baumstarkarchitecture.com\/wp-content\/uploads\/2025\/05\/baumstark-architecture-chai-coco-Sete-12.jpg","name":"baumstark-architecture-chai-coco-Sete-12.jpg","meta":{"brizy_attachment_uid":"wp-5345eda9b0e32656fe6ef1240b6940d7.jpg","brizy_post_uid":["be9ff4634255c3bf9d80e62824c940e3"]}},{"id":1769,"url":"https:\/\/www.baumstarkarchitecture.com\/wp-content\/uploads\/2025\/05\/baumstark-architecture-chai-coco-Sete-13.jpg","name":"baumstark-architecture-chai-coco-Sete-13.jpg","meta":{"brizy_attachment_uid":"wp-2404ae3c2cd95dc0472df85451f518b4.jpg","brizy_post_uid":["be9ff4634255c3bf9d80e62824c940e3"]}},{"id":1780,"url":"https:\/\/www.baumstarkarchitecture.com\/wp-content\/uploads\/2025\/05\/titus-baumstark-architecte-PIG1-Montpellier-renovation.jpg","name":"titus-baumstark-architecte-PIG1-Montpellier-renovation.jpg","meta":{"brizy_attachment_uid":"wp-944b534162970fce6d15e938072273cf.jpg","brizy_post_uid":["be9ff4634255c3bf9d80e62824c940e3"]}},{"id":1781,"url":"https:\/\/www.baumstarkarchitecture.com\/wp-content\/uploads\/2025\/05\/titus-baumstark-architecte-PIG2-Montpellier-renovation.jpg","name":"titus-baumstark-architecte-PIG2-Montpellier-renovation.jpg","meta":{"brizy_attachment_uid":"wp-99ba970c243106db1bd4b9c7ddf926b6.jpg","brizy_post_uid":["be9ff4634255c3bf9d80e62824c940e3"]}},{"id":1782,"url":"https:\/\/www.baumstarkarchitecture.com\/wp-content\/uploads\/2025\/05\/titus-baumstark-architecte-PIG11-Montpellier-renovation.jpg","name":"titus-baumstark-architecte-PIG11-Montpellier-renovation.jpg","meta":{"brizy_attachment_uid":"wp-2e602315d7679a5b364a1b5e32cab07f.jpg","brizy_post_uid":["be9ff4634255c3bf9d80e62824c940e3"]}},{"id":1783,"url":"https:\/\/www.baumstarkarchitecture.com\/wp-content\/uploads\/2025\/05\/titus-baumstark-architecte-PIG22-Montpellier-renovation.jpg","name":"titus-baumstark-architecte-PIG22-Montpellier-renovation.jpg","meta":{"brizy_attachment_uid":"wp-14fd6e77eb62d4b9ef585b0af0b784e4.jpg","brizy_post_uid":["be9ff4634255c3bf9d80e62824c940e3"]}},{"id":1784,"url":"https:\/\/www.baumstarkarchitecture.com\/wp-content\/uploads\/2025\/05\/titus_baumstark_architecte_PIG6_renovation_Montpellier.jpg","name":"titus_baumstark_architecte_PIG6_renovation_Montpellier.jpg","meta":{"brizy_attachment_uid":"wp-ca59f52026059ebe704d95409dfd1106.jpg","brizy_post_uid":["be9ff4634255c3bf9d80e62824c940e3"]}},{"id":1785,"url":"https:\/\/www.baumstarkarchitecture.com\/wp-content\/uploads\/2025\/05\/titus_baumstark_architecte_renovation_Montpellier_PIG2.jpg","name":"titus_baumstark_architecte_renovation_Montpellier_PIG2.jpg","meta":{"brizy_attachment_uid":"wp-d5fa5dbb5bbf6945fc16be1557b28491.jpg","brizy_post_uid":["be9ff4634255c3bf9d80e62824c940e3"]}},{"id":1786,"url":"https:\/\/www.baumstarkarchitecture.com\/wp-content\/uploads\/2025\/05\/titus_baumstark_architecte_renovation_Montpellier_PIG3.jpg","name":"titus_baumstark_architecte_renovation_Montpellier_PIG3.jpg","meta":{"brizy_attachment_uid":"wp-8efee1c2f4b05271f58cc43fba74b34f.jpg","brizy_post_uid":["be9ff4634255c3bf9d80e62824c940e3"]}},{"id":1787,"url":"https:\/\/www.baumstarkarchitecture.com\/wp-content\/uploads\/2025\/05\/titus_baumstark_architecte_renovation_Montpellier_PIG4.jpg","name":"titus_baumstark_architecte_renovation_Montpellier_PIG4.jpg","meta":{"brizy_attachment_uid":"wp-5d838c4c7be7af118d203fa2fc577a6a.jpg","brizy_post_uid":["be9ff4634255c3bf9d80e62824c940e3"]}},{"id":1788,"url":"https:\/\/www.baumstarkarchitecture.com\/wp-content\/uploads\/2025\/05\/titus_baumstark_architecte_renovation_Montpellier_PIG5.jpg","name":"titus_baumstark_architecte_renovation_Montpellier_PIG5.jpg","meta":{"brizy_attachment_uid":"wp-cf03e885c91a1548322aada2d484432b.jpg","brizy_post_uid":["be9ff4634255c3bf9d80e62824c940e3"]}},{"id":1789,"url":"https:\/\/www.baumstarkarchitecture.com\/wp-content\/uploads\/2025\/05\/titus_baumstark_architecte_renovation_Montpellier_PIG6.jpg","name":"titus_baumstark_architecte_renovation_Montpellier_PIG6.jpg","meta":{"brizy_attachment_uid":"wp-83fae948d05faabbfb84d9df24c4ffe9.jpg","brizy_post_uid":["be9ff4634255c3bf9d80e62824c940e3"]}},{"id":1790,"url":"https:\/\/www.baumstarkarchitecture.com\/wp-content\/uploads\/2025\/05\/titus_baumstark_architecte_renovation_Montpellier_PIG12.jpg","name":"titus_baumstark_architecte_renovation_Montpellier_PIG12.jpg","meta":{"brizy_attachment_uid":"wp-9c9ddee65ef0de2b2e0154e4b04b2060.jpg","brizy_post_uid":["be9ff4634255c3bf9d80e62824c940e3"]}},{"id":1797,"url":"https:\/\/www.baumstarkarchitecture.com\/wp-content\/uploads\/2025\/05\/titus-baumstark-architecte-bureaux-Indigo-Aimargues-5-1.jpg","name":"titus-baumstark-architecte-bureaux-Indigo-Aimargues-5-1.jpg","meta":{"brizy_attachment_uid":"wp-3db910e4798cf0b238f51cd31c2e31e5.jpg","brizy_post_uid":["be9ff4634255c3bf9d80e62824c940e3","a94e234ee1fd897a040e066a64a613b7"]}},{"id":1798,"url":"https:\/\/www.baumstarkarchitecture.com\/wp-content\/uploads\/2025\/05\/titus-baumstark-architecte-bureaux-Indigo-Aimargues-5-2.jpg","name":"titus-baumstark-architecte-bureaux-Indigo-Aimargues-5-2.jpg","meta":{"brizy_attachment_uid":"wp-96f53607c4c656bc9e8c2a4da0b74461.jpg","brizy_post_uid":["be9ff4634255c3bf9d80e62824c940e3","a94e234ee1fd897a040e066a64a613b7"]}},{"id":1799,"url":"https:\/\/www.baumstarkarchitecture.com\/wp-content\/uploads\/2025\/05\/titus-baumstark-architecte-bureaux-Indigo-Aimargues-5-3.jpg","name":"titus-baumstark-architecte-bureaux-Indigo-Aimargues-5-3.jpg","meta":{"brizy_attachment_uid":"wp-e75889687148524d5a73cf6abe200bae.jpg","brizy_post_uid":["be9ff4634255c3bf9d80e62824c940e3"]}},{"id":1800,"url":"https:\/\/www.baumstarkarchitecture.com\/wp-content\/uploads\/2025\/05\/titus-baumstark-architecte-bureaux-Indigo-Aimargues-5-4.jpg","name":"titus-baumstark-architecte-bureaux-Indigo-Aimargues-5-4.jpg","meta":{"brizy_attachment_uid":"wp-df3ae415e0eeb6c5b3f428330dc59a7e.jpg","brizy_post_uid":["be9ff4634255c3bf9d80e62824c940e3"]}},{"id":1802,"url":"https:\/\/www.baumstarkarchitecture.com\/wp-content\/uploads\/2025\/05\/titus-baumstark-architecte-bureaux-Indigo-Aimargues-5-6.jpg","name":"titus-baumstark-architecte-bureaux-Indigo-Aimargues-5-6.jpg","meta":{"brizy_attachment_uid":"wp-6d03ce10df064ad117a62ffb31e99939.jpg","brizy_post_uid":["be9ff4634255c3bf9d80e62824c940e3"]}},{"id":1803,"url":"https:\/\/www.baumstarkarchitecture.com\/wp-content\/uploads\/2025\/05\/titus-baumstark-architecte-bureaux-Indigo-Aimargues-5-7.jpg","name":"titus-baumstark-architecte-bureaux-Indigo-Aimargues-5-7.jpg","meta":{"brizy_attachment_uid":"wp-7e914bb1068fab26657c496aac89a70f.jpg","brizy_post_uid":["be9ff4634255c3bf9d80e62824c940e3"]}},{"id":1804,"url":"https:\/\/www.baumstarkarchitecture.com\/wp-content\/uploads\/2025\/05\/titus-baumstark-architecte-bureaux-Indigo-Aimargues-5-8.jpg","name":"titus-baumstark-architecte-bureaux-Indigo-Aimargues-5-8.jpg","meta":{"brizy_attachment_uid":"wp-ccedd72f9b51c02a15625184d20c5377.jpg","brizy_post_uid":["be9ff4634255c3bf9d80e62824c940e3"]}},{"id":1805,"url":"https:\/\/www.baumstarkarchitecture.com\/wp-content\/uploads\/2025\/05\/titus-baumstark-architecte-bureaux-Indigo-Aimargues-5-9.jpg","name":"titus-baumstark-architecte-bureaux-Indigo-Aimargues-5-9.jpg","meta":{"brizy_attachment_uid":"wp-04f1f9aa20ec7015a355452a455cda88.jpg","brizy_post_uid":["be9ff4634255c3bf9d80e62824c940e3"]}},{"id":1806,"url":"https:\/\/www.baumstarkarchitecture.com\/wp-content\/uploads\/2025\/05\/titus-baumstark-architecte-bureaux-Indigo-Aimargues-5-10.jpg","name":"titus-baumstark-architecte-bureaux-Indigo-Aimargues-5-10.jpg","meta":{"brizy_attachment_uid":"wp-e5c8ee2fe2eb7c57c5187fea5278592d.jpg","brizy_post_uid":["be9ff4634255c3bf9d80e62824c940e3"]}},{"id":1807,"url":"https:\/\/www.baumstarkarchitecture.com\/wp-content\/uploads\/2025\/05\/titus-baumstark-architecte-bureaux-Indigo-Aimargues-5-11.jpg","name":"titus-baumstark-architecte-bureaux-Indigo-Aimargues-5-11.jpg","meta":{"brizy_attachment_uid":"wp-5df331b9f78229c52c1a06f7b4d615c4.jpg","brizy_post_uid":["be9ff4634255c3bf9d80e62824c940e3"]}},{"id":1808,"url":"https:\/\/www.baumstarkarchitecture.com\/wp-content\/uploads\/2025\/05\/titus-baumstark-architecte-bureaux-Indigo-Aimargues-5-12.jpg","name":"titus-baumstark-architecte-bureaux-Indigo-Aimargues-5-12.jpg","meta":{"brizy_attachment_uid":"wp-58649c6c61b95f3550fd4e962e18546b.jpg","brizy_post_uid":["be9ff4634255c3bf9d80e62824c940e3"]}},{"id":1814,"url":"https:\/\/www.baumstarkarchitecture.com\/wp-content\/uploads\/2025\/05\/Confort-funeraire-Baumstark-Architecture-1.jpeg","name":"Confort-funeraire-Baumstark-Architecture-1.jpeg","meta":{"brizy_attachment_uid":"wp-43b937608963e817762981769fb4b652.jpeg","brizy_post_uid":["be9ff4634255c3bf9d80e62824c940e3"]}},{"id":1815,"url":"https:\/\/www.baumstarkarchitecture.com\/wp-content\/uploads\/2025\/05\/Confort-funeraire-Baumstark-Architecture-1.jpg","name":"Confort-funeraire-Baumstark-Architecture-1.jpg","meta":{"brizy_attachment_uid":"wp-c8c5b14341ae4677455b03ab5acd2d5d.jpg","brizy_post_uid":["be9ff4634255c3bf9d80e62824c940e3"]}},{"id":1816,"url":"https:\/\/www.baumstarkarchitecture.com\/wp-content\/uploads\/2025\/05\/Confort-funeraire-Baumstark-Architecture-2.jpeg","name":"Confort-funeraire-Baumstark-Architecture-2.jpeg","meta":{"brizy_attachment_uid":"wp-5cc6d35e06b511c2ac24616d727be9c0.jpeg","brizy_post_uid":["be9ff4634255c3bf9d80e62824c940e3"]}},{"id":1817,"url":"https:\/\/www.baumstarkarchitecture.com\/wp-content\/uploads\/2025\/05\/Confort-funeraire-Baumstark-Architecture-2.jpg","name":"Confort-funeraire-Baumstark-Architecture-2.jpg","meta":{"brizy_attachment_uid":"wp-56085df950755d860c27b251c0c26aa8.jpg","brizy_post_uid":["be9ff4634255c3bf9d80e62824c940e3"]}},{"id":1818,"url":"https:\/\/www.baumstarkarchitecture.com\/wp-content\/uploads\/2025\/05\/Confort-funeraire-Baumstark-Architecture-3.jpg","name":"Confort-funeraire-Baumstark-Architecture-3.jpg","meta":{"brizy_attachment_uid":"wp-4832f069785ff58349b002fc0b739900.jpg","brizy_post_uid":["be9ff4634255c3bf9d80e62824c940e3"]}},{"id":1819,"url":"https:\/\/www.baumstarkarchitecture.com\/wp-content\/uploads\/2025\/05\/Confort-funeraire-Baumstark-Architecture-4.jpg","name":"Confort-funeraire-Baumstark-Architecture-4.jpg","meta":{"brizy_attachment_uid":"wp-836278259dbf62b2eec929223f6d4f2b.jpg","brizy_post_uid":["be9ff4634255c3bf9d80e62824c940e3"]}},{"id":1839,"url":"https:\/\/www.baumstarkarchitecture.com\/wp-content\/uploads\/2025\/05\/Domaine-equestre-terre-analouse-Baumstark-architecture-1.jpg","name":"Domaine-equestre-terre-analouse-Baumstark-architecture-1.jpg","meta":{"brizy_attachment_uid":"wp-ddc5866026b289d3afdcb5803516e005.jpg","brizy_post_uid":["be9ff4634255c3bf9d80e62824c940e3"]}},{"id":1840,"url":"https:\/\/www.baumstarkarchitecture.com\/wp-content\/uploads\/2025\/05\/Domaine-equestre-terre-analouse-Baumstark-architecture-2.jpg","name":"Domaine-equestre-terre-analouse-Baumstark-architecture-2.jpg","meta":{"brizy_attachment_uid":"wp-4ff78cc676a24b1aa95b70c1aab2db58.jpg","brizy_post_uid":["be9ff4634255c3bf9d80e62824c940e3"]}},{"id":1841,"url":"https:\/\/www.baumstarkarchitecture.com\/wp-content\/uploads\/2025\/05\/Domaine-equestre-terre-analouse-Baumstark-architecture-3.jpg","name":"Domaine-equestre-terre-analouse-Baumstark-architecture-3.jpg","meta":{"brizy_attachment_uid":"wp-6a12dc785c11411de3642300cf77509c.jpg","brizy_post_uid":["be9ff4634255c3bf9d80e62824c940e3"]}},{"id":1842,"url":"https:\/\/www.baumstarkarchitecture.com\/wp-content\/uploads\/2025\/05\/Domaine-equestre-terre-analouse-Baumstark-architecture-4.jpg","name":"Domaine-equestre-terre-analouse-Baumstark-architecture-4.jpg","meta":{"brizy_attachment_uid":"wp-a06130fb5f2ebee2234410351c7f62e5.jpg","brizy_post_uid":["be9ff4634255c3bf9d80e62824c940e3"]}},{"id":1843,"url":"https:\/\/www.baumstarkarchitecture.com\/wp-content\/uploads\/2025\/05\/Domaine-equestre-terre-analouse-Baumstark-architecture-5.jpg","name":"Domaine-equestre-terre-analouse-Baumstark-architecture-5.jpg","meta":{"brizy_attachment_uid":"wp-9ac48888ad12760cd6bc466dba27ff25.jpg","brizy_post_uid":["be9ff4634255c3bf9d80e62824c940e3"]}},{"id":1844,"url":"https:\/\/www.baumstarkarchitecture.com\/wp-content\/uploads\/2025\/05\/Domaine-equestre-terre-analouse-Baumstark-architecture-6.jpg","name":"Domaine-equestre-terre-analouse-Baumstark-architecture-6.jpg","meta":{"brizy_attachment_uid":"wp-1ce29c448b99fffe79fffcb560907543.jpg","brizy_post_uid":["be9ff4634255c3bf9d80e62824c940e3"]}},{"id":1845,"url":"https:\/\/www.baumstarkarchitecture.com\/wp-content\/uploads\/2025\/05\/Domaine-equestre-terre-analouse-Baumstark-architecture-7.jpg","name":"Domaine-equestre-terre-analouse-Baumstark-architecture-7.jpg","meta":{"brizy_attachment_uid":"wp-bfc4f484ad38ad7d4a4db0fe7ea26004.jpg","brizy_post_uid":["be9ff4634255c3bf9d80e62824c940e3"]}},{"id":1846,"url":"https:\/\/www.baumstarkarchitecture.com\/wp-content\/uploads\/2025\/05\/Domaine-equestre-terre-analouse-Baumstark-architecture-8.jpg","name":"Domaine-equestre-terre-analouse-Baumstark-architecture-8.jpg","meta":{"brizy_attachment_uid":"wp-590527851d88aa7d0792b263aef01124.jpg","brizy_post_uid":["be9ff4634255c3bf9d80e62824c940e3"]}},{"id":1847,"url":"https:\/\/www.baumstarkarchitecture.com\/wp-content\/uploads\/2025\/05\/Domaine-equestre-terre-analouse-Baumstark-architecture-9.jpg","name":"Domaine-equestre-terre-analouse-Baumstark-architecture-9.jpg","meta":{"brizy_attachment_uid":"wp-feaee2179796df89df8e2af07bd4abb3.jpg","brizy_post_uid":["be9ff4634255c3bf9d80e62824c940e3"]}},{"id":1848,"url":"https:\/\/www.baumstarkarchitecture.com\/wp-content\/uploads\/2025\/05\/Domaine-equestre-terre-analouse-Baumstark-architecture-10.jpg","name":"Domaine-equestre-terre-analouse-Baumstark-architecture-10.jpg","meta":{"brizy_attachment_uid":"wp-8fe10c6f9f272f82ad3b125b08b48e19.jpg","brizy_post_uid":["be9ff4634255c3bf9d80e62824c940e3"]}},{"id":1849,"url":"https:\/\/www.baumstarkarchitecture.com\/wp-content\/uploads\/2025\/05\/Domaine-equestre-terre-analouse-Baumstark-architecture-11.jpg","name":"Domaine-equestre-terre-analouse-Baumstark-architecture-11.jpg","meta":{"brizy_attachment_uid":"wp-ce3682f3a98ea43b069d59465d606299.jpg","brizy_post_uid":["be9ff4634255c3bf9d80e62824c940e3"]}},{"id":1860,"url":"https:\/\/www.baumstarkarchitecture.com\/wp-content\/uploads\/2025\/05\/maison-luneloise-Titus-Baumstark-architecte-1.jpg","name":"maison-luneloise-Titus-Baumstark-architecte-1.jpg","meta":{"brizy_attachment_uid":"wp-79c5cee88ea9690d5455a54cbce0aa1a.jpg","brizy_post_uid":["be9ff4634255c3bf9d80e62824c940e3"]}},{"id":1861,"url":"https:\/\/www.baumstarkarchitecture.com\/wp-content\/uploads\/2025\/05\/maison-luneloise-Titus-Baumstark-architecte-2.jpg","name":"maison-luneloise-Titus-Baumstark-architecte-2.jpg","meta":{"brizy_attachment_uid":"wp-8864f2a1562ccf578e514ffce27a6f73.jpg","brizy_post_uid":["be9ff4634255c3bf9d80e62824c940e3"]}},{"id":1862,"url":"https:\/\/www.baumstarkarchitecture.com\/wp-content\/uploads\/2025\/05\/maison-luneloise-Titus-Baumstark-architecte-3.jpg","name":"maison-luneloise-Titus-Baumstark-architecte-3.jpg","meta":{"brizy_attachment_uid":"wp-932d9f003478bb36f23f556856caf8a3.jpg","brizy_post_uid":["be9ff4634255c3bf9d80e62824c940e3"]}},{"id":1863,"url":"https:\/\/www.baumstarkarchitecture.com\/wp-content\/uploads\/2025\/05\/photo-start-baumstark-architecture-Titus2.jpg","name":"photo-start-baumstark-architecture-Titus2.jpg","meta":{"brizy_attachment_uid":"wp-6517b7d5cc8053d9f8d46b09fbf7cca9.jpg","brizy_post_uid":["be9ff4634255c3bf9d80e62824c940e3"]}},{"id":1869,"url":"https:\/\/www.baumstarkarchitecture.com\/wp-content\/uploads\/2025\/05\/pharmacie-Mathieu-Baumstark-Architecure-1.jpg","name":"pharmacie-Mathieu-Baumstark-Architecure-1.jpg","meta":{"brizy_attachment_uid":"wp-afba993136326ba0f85907083bd0b201.jpg","brizy_post_uid":["be9ff4634255c3bf9d80e62824c940e3"]}},{"id":1870,"url":"https:\/\/www.baumstarkarchitecture.com\/wp-content\/uploads\/2025\/05\/pharmacie-Mathieu-Baumstark-Architecure-2.jpg","name":"pharmacie-Mathieu-Baumstark-Architecure-2.jpg","meta":{"brizy_attachment_uid":"wp-ad987e38186ea6c7775a1882fca345b6.jpg","brizy_post_uid":["be9ff4634255c3bf9d80e62824c940e3"]}},{"id":1871,"url":"https:\/\/www.baumstarkarchitecture.com\/wp-content\/uploads\/2025\/05\/pharmacie-Mathieu-Baumstark-Architecure-3.jpg","name":"pharmacie-Mathieu-Baumstark-Architecure-3.jpg","meta":{"brizy_attachment_uid":"wp-d847c0372dc2f2947ac23c7841aff438.jpg","brizy_post_uid":["be9ff4634255c3bf9d80e62824c940e3"]}},{"id":1872,"url":"https:\/\/www.baumstarkarchitecture.com\/wp-content\/uploads\/2025\/05\/pharmacie-Mathieu-Baumstark-Architecure-4.jpg","name":"pharmacie-Mathieu-Baumstark-Architecure-4.jpg","meta":{"brizy_attachment_uid":"wp-494bca5194f9fffbc63437d7cea7d37b.jpg","brizy_post_uid":["be9ff4634255c3bf9d80e62824c940e3"]}},{"id":1873,"url":"https:\/\/www.baumstarkarchitecture.com\/wp-content\/uploads\/2025\/05\/pharmacie-Mathieu-Baumstark-Architecure-5.jpg","name":"pharmacie-Mathieu-Baumstark-Architecure-5.jpg","meta":{"brizy_attachment_uid":"wp-b706061d9da8e97e087d6b7175aba4a0.jpg","brizy_post_uid":["be9ff4634255c3bf9d80e62824c940e3"]}},{"id":1874,"url":"https:\/\/www.baumstarkarchitecture.com\/wp-content\/uploads\/2025\/05\/pharmacie-Mathieu-Baumstark-Architecure-6.jpg","name":"pharmacie-Mathieu-Baumstark-Architecure-6.jpg","meta":{"brizy_attachment_uid":"wp-8a4c8fb14f0a084ad2a90560144f7925.jpg","brizy_post_uid":["be9ff4634255c3bf9d80e62824c940e3"]}},{"id":1875,"url":"https:\/\/www.baumstarkarchitecture.com\/wp-content\/uploads\/2025\/05\/pharmacie-Mathieu-Baumstark-Architecure-7.jpg","name":"pharmacie-Mathieu-Baumstark-Architecure-7.jpg","meta":{"brizy_attachment_uid":"wp-ed03e2d0fd62a296b5040412601a7c5c.jpg","brizy_post_uid":["be9ff4634255c3bf9d80e62824c940e3"]}},{"id":1876,"url":"https:\/\/www.baumstarkarchitecture.com\/wp-content\/uploads\/2025\/05\/pharmacie-Mathieu-Baumstark-Architecure-8.jpg","name":"pharmacie-Mathieu-Baumstark-Architecure-8.jpg","meta":{"brizy_attachment_uid":"wp-804ddc54cc79b95d5a9b91a63d797212.jpg","brizy_post_uid":["be9ff4634255c3bf9d80e62824c940e3"]}},{"id":1881,"url":"https:\/\/www.baumstarkarchitecture.com\/wp-content\/uploads\/2025\/05\/Pharmacie-Reberga-Baumstark-Architecture-1.jpg","name":"Pharmacie-Reberga-Baumstark-Architecture-1.jpg","meta":{"brizy_attachment_uid":"wp-f8918a00fb4656bfe436b98072ce4698.jpg","brizy_post_uid":["be9ff4634255c3bf9d80e62824c940e3"]}},{"id":1882,"url":"https:\/\/www.baumstarkarchitecture.com\/wp-content\/uploads\/2025\/05\/Pharmacie-Reberga-Baumstark-Architecture-2.jpg","name":"Pharmacie-Reberga-Baumstark-Architecture-2.jpg","meta":{"brizy_attachment_uid":"wp-ab1e301696d26acf9760713c6c39829a.jpg","brizy_post_uid":["be9ff4634255c3bf9d80e62824c940e3"]}},{"id":1883,"url":"https:\/\/www.baumstarkarchitecture.com\/wp-content\/uploads\/2025\/05\/Pharmacie-Reberga-Baumstark-Architecture-3.jpg","name":"Pharmacie-Reberga-Baumstark-Architecture-3.jpg","meta":{"brizy_attachment_uid":"wp-3e36acb135c06aea4b6830d6ed7e657b.jpg","brizy_post_uid":["be9ff4634255c3bf9d80e62824c940e3"]}},{"id":1884,"url":"https:\/\/www.baumstarkarchitecture.com\/wp-content\/uploads\/2025\/05\/Pharmacie-Reberga-Baumstark-Architecture-4.jpg","name":"Pharmacie-Reberga-Baumstark-Architecture-4.jpg","meta":{"brizy_attachment_uid":"wp-ebe89ca060140939e4fe1a44a3aa83fb.jpg","brizy_post_uid":["be9ff4634255c3bf9d80e62824c940e3"]}},{"id":1885,"url":"https:\/\/www.baumstarkarchitecture.com\/wp-content\/uploads\/2025\/05\/Pharmacie-Reberga-Baumstark-Architecture-5.jpg","name":"Pharmacie-Reberga-Baumstark-Architecture-5.jpg","meta":{"brizy_attachment_uid":"wp-b3ee33007cd2aa7254a842cd012460f2.jpg","brizy_post_uid":["be9ff4634255c3bf9d80e62824c940e3"]}},{"id":1886,"url":"https:\/\/www.baumstarkarchitecture.com\/wp-content\/uploads\/2025\/05\/Pharmacie-Reberga-Baumstark-Architecture-6.jpg","name":"Pharmacie-Reberga-Baumstark-Architecture-6.jpg","meta":{"brizy_attachment_uid":"wp-68d7e4dee5f06ad247c7a36b76aa8158.jpg","brizy_post_uid":["be9ff4634255c3bf9d80e62824c940e3"]}},{"id":1887,"url":"https:\/\/www.baumstarkarchitecture.com\/wp-content\/uploads\/2025\/05\/Pharmacie-Reberga-Baumstark-Architecture-7.jpg","name":"Pharmacie-Reberga-Baumstark-Architecture-7.jpg","meta":{"brizy_attachment_uid":"wp-9a2d546b8b744155b5f1495ffb20d47b.jpg","brizy_post_uid":["be9ff4634255c3bf9d80e62824c940e3"]}},{"id":1888,"url":"https:\/\/www.baumstarkarchitecture.com\/wp-content\/uploads\/2025\/05\/Pharmacie-Reberga-Baumstark-Architecture-8.jpg","name":"Pharmacie-Reberga-Baumstark-Architecture-8.jpg","meta":{"brizy_attachment_uid":"wp-6717aebb2527efd6c9c4d6139bc3ce3b.jpg","brizy_post_uid":["be9ff4634255c3bf9d80e62824c940e3"]}},{"id":1914,"url":"https:\/\/www.baumstarkarchitecture.com\/wp-content\/uploads\/2025\/05\/Confort-funeraire-Baumstark-Architecture-1-1.jpg","name":"Confort-funeraire-Baumstark-Architecture-1-1.jpg","meta":{"brizy_attachment_uid":"wp-50764c384c19d2f9a04b5d28feaa4265.jpg","brizy_post_uid":["be9ff4634255c3bf9d80e62824c940e3"]}},{"id":1915,"url":"https:\/\/www.baumstarkarchitecture.com\/wp-content\/uploads\/2025\/05\/Confort-funeraire-Baumstark-Architecture-2-1.jpg","name":"Confort-funeraire-Baumstark-Architecture-2-1.jpg","meta":{"brizy_attachment_uid":"wp-8870fac8229c16909b9e0e41cbec6756.jpg","brizy_post_uid":["be9ff4634255c3bf9d80e62824c940e3"]}},{"id":1916,"url":"https:\/\/www.baumstarkarchitecture.com\/wp-content\/uploads\/2025\/05\/Confort-funeraire-Baumstark-Architecture-3-1.jpg","name":"Confort-funeraire-Baumstark-Architecture-3-1.jpg","meta":{"brizy_attachment_uid":"wp-c4725407cf36d361411c36a60dc0f115.jpg","brizy_post_uid":["be9ff4634255c3bf9d80e62824c940e3"]}},{"id":1917,"url":"https:\/\/www.baumstarkarchitecture.com\/wp-content\/uploads\/2025\/05\/Confort-funeraire-Baumstark-Architecture-4-1.jpg","name":"Confort-funeraire-Baumstark-Architecture-4-1.jpg","meta":{"brizy_attachment_uid":"wp-8b1dd84230a86fbe383859b4f8c077e8.jpg","brizy_post_uid":["be9ff4634255c3bf9d80e62824c940e3"]}},{"id":1918,"url":"https:\/\/www.baumstarkarchitecture.com\/wp-content\/uploads\/2025\/05\/Confort-funeraire-Baumstark-Architecture-5.jpg","name":"Confort-funeraire-Baumstark-Architecture-5.jpg","meta":{"brizy_attachment_uid":"wp-b7a7aa8a4078ad60a5286133b658e4aa.jpg","brizy_post_uid":["be9ff4634255c3bf9d80e62824c940e3"]}},{"id":1930,"url":"https:\/\/www.baumstarkarchitecture.com\/wp-content\/uploads\/2025\/05\/titus-baumstark-architecte-chateau-de-la-mogere-renovation-Montpellier-1.jpg","name":"titus-baumstark-architecte-chateau-de-la-mogere-renovation-Montpellier-1.jpg","meta":{"brizy_attachment_uid":"wp-8d84af4685aa26008e39031ee4fb435f.jpg","brizy_post_uid":["be9ff4634255c3bf9d80e62824c940e3"]}},{"id":1931,"url":"https:\/\/www.baumstarkarchitecture.com\/wp-content\/uploads\/2025\/05\/titus-baumstark-architecte-chateau-de-la-mogere-renovation-Montpellier-2.jpg","name":"titus-baumstark-architecte-chateau-de-la-mogere-renovation-Montpellier-2.jpg","meta":{"brizy_attachment_uid":"wp-0e8afe691639f85cae06cf587dc62c46.jpg","brizy_post_uid":["be9ff4634255c3bf9d80e62824c940e3"]}},{"id":1932,"url":"https:\/\/www.baumstarkarchitecture.com\/wp-content\/uploads\/2025\/05\/titus-baumstark-architecte-chateau-de-la-mogere-renovation-Montpellier-3.jpg","name":"titus-baumstark-architecte-chateau-de-la-mogere-renovation-Montpellier-3.jpg","meta":{"brizy_attachment_uid":"wp-bb9dde6db0c33f8577c3e5e4e3d63584.jpg","brizy_post_uid":["be9ff4634255c3bf9d80e62824c940e3"]}},{"id":1933,"url":"https:\/\/www.baumstarkarchitecture.com\/wp-content\/uploads\/2025\/05\/titus-baumstark-architecte-chateau-de-la-mogere-renovation-Montpellier-4.jpg","name":"titus-baumstark-architecte-chateau-de-la-mogere-renovation-Montpellier-4.jpg","meta":{"brizy_attachment_uid":"wp-bef200ec4a814de3b1810b1cff5cc9dc.jpg","brizy_post_uid":["be9ff4634255c3bf9d80e62824c940e3"]}},{"id":1934,"url":"https:\/\/www.baumstarkarchitecture.com\/wp-content\/uploads\/2025\/05\/titus-baumstark-architecte-chateau-de-la-mogere-renovation-Montpellier-5.jpg","name":"titus-baumstark-architecte-chateau-de-la-mogere-renovation-Montpellier-5.jpg","meta":{"brizy_attachment_uid":"wp-70fdfaf2a20f7bde29607e9e6e985b38.jpg","brizy_post_uid":["be9ff4634255c3bf9d80e62824c940e3"]}},{"id":1961,"url":"https:\/\/www.baumstarkarchitecture.com\/wp-content\/uploads\/2025\/05\/maison-de-sante-Lunelloise-2-Titus-Baumstark-2.jpg","name":"maison-de-sante-Lunelloise-2-Titus-Baumstark-2.jpg","meta":{"brizy_attachment_uid":"wp-913b44fe763f9d79ab505f9ad09f9d27.jpg","brizy_post_uid":["be9ff4634255c3bf9d80e62824c940e3"]}},{"id":1962,"url":"https:\/\/www.baumstarkarchitecture.com\/wp-content\/uploads\/2025\/05\/maison-de-sante-Lunelloise-2-Titus-Baumstark-3.jpg","name":"maison-de-sante-Lunelloise-2-Titus-Baumstark-3.jpg","meta":{"brizy_attachment_uid":"wp-b97078073523a034b82d32e344b82372.jpg","brizy_post_uid":["be9ff4634255c3bf9d80e62824c940e3"]}},{"id":1963,"url":"https:\/\/www.baumstarkarchitecture.com\/wp-content\/uploads\/2025\/05\/maison-de-sante-Lunelloise-2-Titus-Baumstark-4.jpg","name":"maison-de-sante-Lunelloise-2-Titus-Baumstark-4.jpg","meta":{"brizy_attachment_uid":"wp-689b74981c28a60e20f5f2c46e96247b.jpg","brizy_post_uid":["be9ff4634255c3bf9d80e62824c940e3"]}},{"id":1964,"url":"https:\/\/www.baumstarkarchitecture.com\/wp-content\/uploads\/2025\/05\/maison-de-sante-Lunelloise-2-Titus-Baumstark-5.jpg","name":"maison-de-sante-Lunelloise-2-Titus-Baumstark-5.jpg","meta":{"brizy_attachment_uid":"wp-5b7a50eb374e941a92c372700a8122cb.jpg","brizy_post_uid":["be9ff4634255c3bf9d80e62824c940e3"]}},{"id":1965,"url":"https:\/\/www.baumstarkarchitecture.com\/wp-content\/uploads\/2025\/05\/maison-de-sante-Lunelloise-2-Titus-Baumstark-6.jpg","name":"maison-de-sante-Lunelloise-2-Titus-Baumstark-6.jpg","meta":{"brizy_attachment_uid":"wp-7985c5b646c7b23f9afd88f46b361db7.jpg","brizy_post_uid":["be9ff4634255c3bf9d80e62824c940e3"]}},{"id":1966,"url":"https:\/\/www.baumstarkarchitecture.com\/wp-content\/uploads\/2025\/05\/maison-de-sante-Lunelloise-2-Titus-Baumstark-7.jpg","name":"maison-de-sante-Lunelloise-2-Titus-Baumstark-7.jpg","meta":{"brizy_attachment_uid":"wp-b3a11a7fd45ad0ffd3119e3c7ea00909.jpg","brizy_post_uid":["be9ff4634255c3bf9d80e62824c940e3"]}},{"id":1967,"url":"https:\/\/www.baumstarkarchitecture.com\/wp-content\/uploads\/2025\/05\/maison-de-sante-Lunelloise-2-Titus-Baumstark-8.jpg","name":"maison-de-sante-Lunelloise-2-Titus-Baumstark-8.jpg","meta":{"brizy_attachment_uid":"wp-c5b35f2e9423d81c60ab43ba41c0dd9b.jpg","brizy_post_uid":["be9ff4634255c3bf9d80e62824c940e3"]}},{"id":1968,"url":"https:\/\/www.baumstarkarchitecture.com\/wp-content\/uploads\/2025\/05\/maison-de-sante-Lunelloise-2-Titus-Baumstark-9.jpg","name":"maison-de-sante-Lunelloise-2-Titus-Baumstark-9.jpg","meta":{"brizy_attachment_uid":"wp-b2a6dbb9ed7b5f86c78a42e43a80b710.jpg","brizy_post_uid":["be9ff4634255c3bf9d80e62824c940e3"]}},{"id":1969,"url":"https:\/\/www.baumstarkarchitecture.com\/wp-content\/uploads\/2025\/05\/maison-de-sante-Lunelloise-2-Titus-Baumstark-1.jpg","name":"maison-de-sante-Lunelloise-2-Titus-Baumstark-1.jpg","meta":{"brizy_attachment_uid":"wp-e146d6d288021ee394b45bff1132e55f.jpg","brizy_post_uid":["be9ff4634255c3bf9d80e62824c940e3"]}},{"id":1974,"url":"https:\/\/www.baumstarkarchitecture.com\/wp-content\/uploads\/2025\/05\/Maison-F-Baumstark-Architecture-1.jpg","name":"Maison-F-Baumstark-Architecture-1.jpg","meta":{"brizy_attachment_uid":"wp-a22424efe70b120dcc7ae70620f19921.jpg","brizy_post_uid":["be9ff4634255c3bf9d80e62824c940e3"]}},{"id":1975,"url":"https:\/\/www.baumstarkarchitecture.com\/wp-content\/uploads\/2025\/05\/Maison-F-Baumstark-Architecture-2.jpg","name":"Maison-F-Baumstark-Architecture-2.jpg","meta":{"brizy_attachment_uid":"wp-98a71adf1fd678ed68b00871e7a03ede.jpg","brizy_post_uid":["be9ff4634255c3bf9d80e62824c940e3"]}},{"id":1976,"url":"https:\/\/www.baumstarkarchitecture.com\/wp-content\/uploads\/2025\/05\/Maison-F-Baumstark-Architecture-3.jpg","name":"Maison-F-Baumstark-Architecture-3.jpg","meta":{"brizy_attachment_uid":"wp-1ceb5f6da5a8cb0ef572a08a1e23e604.jpg","brizy_post_uid":["be9ff4634255c3bf9d80e62824c940e3"]}},{"id":1977,"url":"https:\/\/www.baumstarkarchitecture.com\/wp-content\/uploads\/2025\/05\/Maison-F-Baumstark-Architecture-4.jpg","name":"Maison-F-Baumstark-Architecture-4.jpg","meta":{"brizy_attachment_uid":"wp-172e4d518d9a68d791c0abe422f2b40e.jpg","brizy_post_uid":["be9ff4634255c3bf9d80e62824c940e3"]}},{"id":1978,"url":"https:\/\/www.baumstarkarchitecture.com\/wp-content\/uploads\/2025\/05\/Maison-F-Baumstark-Architecture-5.jpg","name":"Maison-F-Baumstark-Architecture-5.jpg","meta":{"brizy_attachment_uid":"wp-a14b3d50bd040e1fea2e48c6463cc8e0.jpg","brizy_post_uid":["be9ff4634255c3bf9d80e62824c940e3"]}},{"id":1979,"url":"https:\/\/www.baumstarkarchitecture.com\/wp-content\/uploads\/2025\/05\/Maison-F-Baumstark-Architecture-6.jpg","name":"Maison-F-Baumstark-Architecture-6.jpg","meta":{"brizy_attachment_uid":"wp-07bb0111dd828e5bc90c2ae4d0157b7f.jpg","brizy_post_uid":["be9ff4634255c3bf9d80e62824c940e3"]}},{"id":1980,"url":"https:\/\/www.baumstarkarchitecture.com\/wp-content\/uploads\/2025\/05\/Maison-F-Baumstark-Architecture-7.jpg","name":"Maison-F-Baumstark-Architecture-7.jpg","meta":{"brizy_attachment_uid":"wp-c559fb1f4c989f5f17de35ad80d9cd32.jpg","brizy_post_uid":["be9ff4634255c3bf9d80e62824c940e3"]}},{"id":1981,"url":"https:\/\/www.baumstarkarchitecture.com\/wp-content\/uploads\/2025\/05\/Maison-F-Baumstark-Architecture-8.jpg","name":"Maison-F-Baumstark-Architecture-8.jpg","meta":{"brizy_attachment_uid":"wp-2747fe0f93ef2551963546ee0e66ea6f.jpg","brizy_post_uid":["be9ff4634255c3bf9d80e62824c940e3"]}},{"id":1982,"url":"https:\/\/www.baumstarkarchitecture.com\/wp-content\/uploads\/2025\/05\/Maison-F-Baumstark-Architecture-9.jpg","name":"Maison-F-Baumstark-Architecture-9.jpg","meta":{"brizy_attachment_uid":"wp-147a8aa855ecdd4044e143604d727aed.jpg","brizy_post_uid":["be9ff4634255c3bf9d80e62824c940e3"]}},{"id":1990,"url":"https:\/\/www.baumstarkarchitecture.com\/wp-content\/uploads\/2025\/05\/pharmacie-Saint-Genies-de-Baumstark-Architecture-1.jpg","name":"pharmacie-Saint-Genies-de-Baumstark-Architecture-1.jpg","meta":{"brizy_attachment_uid":"wp-f4dd43451c750d0ea65c429f0e3b2e19.jpg","brizy_post_uid":["be9ff4634255c3bf9d80e62824c940e3"]}},{"id":1991,"url":"https:\/\/www.baumstarkarchitecture.com\/wp-content\/uploads\/2025\/05\/pharmacie-Saint-Genies-de-Baumstark-Architecture-2.jpg","name":"pharmacie-Saint-Genies-de-Baumstark-Architecture-2.jpg","meta":{"brizy_attachment_uid":"wp-2b76b625fdb735a065ab161cd6ed2bd8.jpg","brizy_post_uid":["be9ff4634255c3bf9d80e62824c940e3"]}},{"id":1992,"url":"https:\/\/www.baumstarkarchitecture.com\/wp-content\/uploads\/2025\/05\/pharmacie-Saint-Genies-de-Baumstark-Architecture-3.jpg","name":"pharmacie-Saint-Genies-de-Baumstark-Architecture-3.jpg","meta":{"brizy_attachment_uid":"wp-f20a9bf39f42c0ac90ea365a3e9ab6cb.jpg","brizy_post_uid":["be9ff4634255c3bf9d80e62824c940e3"]}},{"id":1993,"url":"https:\/\/www.baumstarkarchitecture.com\/wp-content\/uploads\/2025\/05\/pharmacie-Saint-Genies-de-Baumstark-Architecture-4.jpg","name":"pharmacie-Saint-Genies-de-Baumstark-Architecture-4.jpg","meta":{"brizy_attachment_uid":"wp-8df336416627c3667804d747b40e873a.jpg","brizy_post_uid":["be9ff4634255c3bf9d80e62824c940e3"]}},{"id":2006,"url":"https:\/\/www.baumstarkarchitecture.com\/wp-content\/uploads\/2025\/05\/titus-baumstark-architecte-MMA-0-montpellier-renovation-maison.jpg","name":"titus-baumstark-architecte-MMA-0-montpellier-renovation-maison.jpg","meta":{"brizy_attachment_uid":"wp-4a572b2a94a7b9a8d5300593f6816d08.jpg","brizy_post_uid":["be9ff4634255c3bf9d80e62824c940e3"]}},{"id":2007,"url":"https:\/\/www.baumstarkarchitecture.com\/wp-content\/uploads\/2025\/05\/titus-baumstark-architecte-MMA-1-montpellier-renovation-maison.jpg","name":"titus-baumstark-architecte-MMA-1-montpellier-renovation-maison.jpg","meta":{"brizy_attachment_uid":"wp-bf395e0b1775d6b80dc151ebb1fdbfe3.jpg","brizy_post_uid":["be9ff4634255c3bf9d80e62824c940e3"]}},{"id":2008,"url":"https:\/\/www.baumstarkarchitecture.com\/wp-content\/uploads\/2025\/05\/titus-baumstark-architecte-MMA-2-montpellier-renovation-maison.jpg","name":"titus-baumstark-architecte-MMA-2-montpellier-renovation-maison.jpg","meta":{"brizy_attachment_uid":"wp-81f4ec4a0797a4df4d9db0fda96425a2.jpg","brizy_post_uid":["be9ff4634255c3bf9d80e62824c940e3"]}},{"id":2009,"url":"https:\/\/www.baumstarkarchitecture.com\/wp-content\/uploads\/2025\/05\/titus-baumstark-architecte-MMA-3-montpellier-renovation-maison.jpg","name":"titus-baumstark-architecte-MMA-3-montpellier-renovation-maison.jpg","meta":{"brizy_attachment_uid":"wp-0a21233cbefa36045dd099dfcc9ffca5.jpg","brizy_post_uid":["be9ff4634255c3bf9d80e62824c940e3"]}},{"id":2010,"url":"https:\/\/www.baumstarkarchitecture.com\/wp-content\/uploads\/2025\/05\/titus-baumstark-architecte-MMA-4-montpellier-renovation-maison.jpg","name":"titus-baumstark-architecte-MMA-4-montpellier-renovation-maison.jpg","meta":{"brizy_attachment_uid":"wp-832a020cc2654dde7c16ba0ed9335063.jpg","brizy_post_uid":["be9ff4634255c3bf9d80e62824c940e3"]}},{"id":2011,"url":"https:\/\/www.baumstarkarchitecture.com\/wp-content\/uploads\/2025\/05\/titus-baumstark-architecte-MMA-5-montpellier-renovation-maison.jpg","name":"titus-baumstark-architecte-MMA-5-montpellier-renovation-maison.jpg","meta":{"brizy_attachment_uid":"wp-45cd11237f7bd2ec49670f8f185627e8.jpg","brizy_post_uid":["be9ff4634255c3bf9d80e62824c940e3"]}},{"id":2012,"url":"https:\/\/www.baumstarkarchitecture.com\/wp-content\/uploads\/2025\/05\/titus-baumstark-architecte-MMA-8-montpellier-renovation-maison.jpg","name":"titus-baumstark-architecte-MMA-8-montpellier-renovation-maison.jpg","meta":{"brizy_attachment_uid":"wp-0172d60e63587bea324308966c70000e.jpg","brizy_post_uid":["be9ff4634255c3bf9d80e62824c940e3"]}},{"id":2018,"url":"https:\/\/www.baumstarkarchitecture.com\/wp-content\/uploads\/2025\/05\/Villa-C-et-J-Baumstark-architecture-3.jpg","name":"Villa-C-et-J-Baumstark-architecture-3.jpg","meta":{"brizy_attachment_uid":"wp-ddf994f33cc600f9138ac6faae3a3d44.jpg","brizy_post_uid":["be9ff4634255c3bf9d80e62824c940e3"]}},{"id":2019,"url":"https:\/\/www.baumstarkarchitecture.com\/wp-content\/uploads\/2025\/05\/Villa-C-et-J-Baumstark-architecture-4.jpg","name":"Villa-C-et-J-Baumstark-architecture-4.jpg","meta":{"brizy_attachment_uid":"wp-32bae4b335f9b66082d03ad5f38fc3d0.jpg","brizy_post_uid":["be9ff4634255c3bf9d80e62824c940e3"]}},{"id":2020,"url":"https:\/\/www.baumstarkarchitecture.com\/wp-content\/uploads\/2025\/05\/Villa-C-et-J-Baumstark-architecture-5.jpg","name":"Villa-C-et-J-Baumstark-architecture-5.jpg","meta":{"brizy_attachment_uid":"wp-2b86e46db5f9cf9009e40705727e20fb.jpg","brizy_post_uid":["be9ff4634255c3bf9d80e62824c940e3"]}},{"id":2021,"url":"https:\/\/www.baumstarkarchitecture.com\/wp-content\/uploads\/2025\/05\/Villa-C-et-J-Baumstark-architecture-6.jpg","name":"Villa-C-et-J-Baumstark-architecture-6.jpg","meta":{"brizy_attachment_uid":"wp-705610c9a55a7d22693688c8368aab63.jpg","brizy_post_uid":["be9ff4634255c3bf9d80e62824c940e3"]}},{"id":2022,"url":"https:\/\/www.baumstarkarchitecture.com\/wp-content\/uploads\/2025\/05\/Villa-C-et-J-Baumstark-architecture-7.jpg","name":"Villa-C-et-J-Baumstark-architecture-7.jpg","meta":{"brizy_attachment_uid":"wp-94f6383a52297d961214e9f4731f364a.jpg","brizy_post_uid":["be9ff4634255c3bf9d80e62824c940e3"]}},{"id":2023,"url":"https:\/\/www.baumstarkarchitecture.com\/wp-content\/uploads\/2025\/05\/Villa-C-et-J-Baumstark-architecture-8.jpg","name":"Villa-C-et-J-Baumstark-architecture-8.jpg","meta":{"brizy_attachment_uid":"wp-ef2f804b6e8435859d0a8bb417d4e90f.jpg","brizy_post_uid":["be9ff4634255c3bf9d80e62824c940e3"]}},{"id":2024,"url":"https:\/\/www.baumstarkarchitecture.com\/wp-content\/uploads\/2025\/05\/Villa-C-et-J-Baumstark-architecture-9.jpg","name":"Villa-C-et-J-Baumstark-architecture-9.jpg","meta":{"brizy_attachment_uid":"wp-f38c1cbf54c95332cb3ab1edecce9372.jpg","brizy_post_uid":["be9ff4634255c3bf9d80e62824c940e3"]}},{"id":2025,"url":"https:\/\/www.baumstarkarchitecture.com\/wp-content\/uploads\/2025\/05\/Villa-C-et-J-Baumstark-architecture-10.jpg","name":"Villa-C-et-J-Baumstark-architecture-10.jpg","meta":{"brizy_attachment_uid":"wp-b1b5c0ed2267255f52dca55702ab405e.jpg","brizy_post_uid":["be9ff4634255c3bf9d80e62824c940e3"]}},{"id":2026,"url":"https:\/\/www.baumstarkarchitecture.com\/wp-content\/uploads\/2025\/05\/Villa-C-et-J-Baumstark-architecture-11.jpg","name":"Villa-C-et-J-Baumstark-architecture-11.jpg","meta":{"brizy_attachment_uid":"wp-77ffa6800bede746fefe04891ceba687.jpg","brizy_post_uid":["be9ff4634255c3bf9d80e62824c940e3"]}},{"id":2027,"url":"https:\/\/www.baumstarkarchitecture.com\/wp-content\/uploads\/2025\/05\/Villa-C-et-J-Baumstark-architecture-12.jpg","name":"Villa-C-et-J-Baumstark-architecture-12.jpg","meta":{"brizy_attachment_uid":"wp-4ef83245ab8cb41916fefde64cd9449c.jpg","brizy_post_uid":["be9ff4634255c3bf9d80e62824c940e3"]}},{"id":2028,"url":"https:\/\/www.baumstarkarchitecture.com\/wp-content\/uploads\/2025\/05\/Villa-C-et-J-Baumstark-architecture-13.jpg","name":"Villa-C-et-J-Baumstark-architecture-13.jpg","meta":{"brizy_attachment_uid":"wp-4fb144a6b9afc57d595ced65f7be634c.jpg","brizy_post_uid":["be9ff4634255c3bf9d80e62824c940e3"]}},{"id":2029,"url":"https:\/\/www.baumstarkarchitecture.com\/wp-content\/uploads\/2025\/05\/Villa-C-et-J-Baumstark-architecture-14.jpg","name":"Villa-C-et-J-Baumstark-architecture-14.jpg","meta":{"brizy_attachment_uid":"wp-bcf207ed816f175b1d199555bd412aec.jpg","brizy_post_uid":["be9ff4634255c3bf9d80e62824c940e3"]}},{"id":2030,"url":"https:\/\/www.baumstarkarchitecture.com\/wp-content\/uploads\/2025\/05\/Villa-C-et-J-Baumstark-architecture-1.jpg","name":"Villa-C-et-J-Baumstark-architecture-1.jpg","meta":{"brizy_attachment_uid":"wp-a0628985366e698ad659d7a026a9f785.jpg","brizy_post_uid":["be9ff4634255c3bf9d80e62824c940e3"]}},{"id":2031,"url":"https:\/\/www.baumstarkarchitecture.com\/wp-content\/uploads\/2025\/05\/Villa-C-et-J-Baumstark-architecture-2.jpg","name":"Villa-C-et-J-Baumstark-architecture-2.jpg","meta":{"brizy_attachment_uid":"wp-73aa4237736d654645054525da0f36f5.jpg","brizy_post_uid":["be9ff4634255c3bf9d80e62824c940e3"]}},{"id":2037,"url":"https:\/\/www.baumstarkarchitecture.com\/wp-content\/uploads\/2025\/05\/Villa-E-Baumstak-Architecture-2.jpg","name":"Villa-E-Baumstak-Architecture-2.jpg","meta":{"brizy_attachment_uid":"wp-edc8d205c9220c0af30d1ff1b96efc50.jpg","brizy_post_uid":["be9ff4634255c3bf9d80e62824c940e3"]}},{"id":2038,"url":"https:\/\/www.baumstarkarchitecture.com\/wp-content\/uploads\/2025\/05\/Villa-E-Baumstak-Architecture-3.jpg","name":"Villa-E-Baumstak-Architecture-3.jpg","meta":{"brizy_attachment_uid":"wp-c1627cd040014e5983d20ada14f8386e.jpg","brizy_post_uid":["be9ff4634255c3bf9d80e62824c940e3"]}},{"id":2039,"url":"https:\/\/www.baumstarkarchitecture.com\/wp-content\/uploads\/2025\/05\/Villa-E-Baumstak-Architecture-4.jpg","name":"Villa-E-Baumstak-Architecture-4.jpg","meta":{"brizy_attachment_uid":"wp-8eac5d645b11cc5c83755cd0dc6fdfcc.jpg","brizy_post_uid":["be9ff4634255c3bf9d80e62824c940e3"]}},{"id":2040,"url":"https:\/\/www.baumstarkarchitecture.com\/wp-content\/uploads\/2025\/05\/Villa-E-Baumstak-Architecture-5.jpg","name":"Villa-E-Baumstak-Architecture-5.jpg","meta":{"brizy_attachment_uid":"wp-4246a0f27b98850d8cea64176b1fe1a5.jpg","brizy_post_uid":["be9ff4634255c3bf9d80e62824c940e3"]}},{"id":2041,"url":"https:\/\/www.baumstarkarchitecture.com\/wp-content\/uploads\/2025\/05\/Villa-E-Baumstak-Architecture-1.jpg","name":"Villa-E-Baumstak-Architecture-1.jpg","meta":{"brizy_attachment_uid":"wp-2ba8338db4cf9e9709c7cc34d0e2c21b.jpg","brizy_post_uid":["be9ff4634255c3bf9d80e62824c940e3"]}},{"id":2046,"url":"https:\/\/www.baumstarkarchitecture.com\/wp-content\/uploads\/2025\/05\/Villa-K-T-Baumstark-Architecture-3.jpg","name":"Villa-K-T-Baumstark-Architecture-3.jpg","meta":{"brizy_attachment_uid":"wp-4834317631fee8a3709bc73911516063.jpg","brizy_post_uid":["be9ff4634255c3bf9d80e62824c940e3"]}},{"id":2047,"url":"https:\/\/www.baumstarkarchitecture.com\/wp-content\/uploads\/2025\/05\/Villa-K-T-Baumstark-Architecture-4.jpg","name":"Villa-K-T-Baumstark-Architecture-4.jpg","meta":{"brizy_attachment_uid":"wp-d47a813dfc0c82038232c2660822a2a9.jpg","brizy_post_uid":["be9ff4634255c3bf9d80e62824c940e3","a94e234ee1fd897a040e066a64a613b7"]}},{"id":2048,"url":"https:\/\/www.baumstarkarchitecture.com\/wp-content\/uploads\/2025\/05\/Villa-K-T-Baumstark-Architecture-5.jpg","name":"Villa-K-T-Baumstark-Architecture-5.jpg","meta":{"brizy_attachment_uid":"wp-4e2e1caf8eb71ba94c79583bdca1a01f.jpg","brizy_post_uid":["be9ff4634255c3bf9d80e62824c940e3"]}},{"id":2049,"url":"https:\/\/www.baumstarkarchitecture.com\/wp-content\/uploads\/2025\/05\/Villa-K-T-Baumstark-Architecture-6.jpg","name":"Villa-K-T-Baumstark-Architecture-6.jpg","meta":{"brizy_attachment_uid":"wp-eb1630e9182ef68ae550fbffe0746ec9.jpg","brizy_post_uid":["be9ff4634255c3bf9d80e62824c940e3"]}},{"id":2050,"url":"https:\/\/www.baumstarkarchitecture.com\/wp-content\/uploads\/2025\/05\/Villa-K-T-Baumstark-Architecture-1.jpg","name":"Villa-K-T-Baumstark-Architecture-1.jpg","meta":{"brizy_attachment_uid":"wp-a17c66bab9e0f78ec01f2db32d2da336.jpg","brizy_post_uid":["be9ff4634255c3bf9d80e62824c940e3"]}},{"id":2051,"url":"https:\/\/www.baumstarkarchitecture.com\/wp-content\/uploads\/2025\/05\/Villa-K-T-Baumstark-Architecture-2.jpg","name":"Villa-K-T-Baumstark-Architecture-2.jpg","meta":{"brizy_attachment_uid":"wp-24499ceab997b5d7d90484cc4682125a.jpg","brizy_post_uid":["be9ff4634255c3bf9d80e62824c940e3"]}},{"id":2058,"url":"https:\/\/www.baumstarkarchitecture.com\/wp-content\/uploads\/2025\/05\/Villa-S-Y-Baumstark-Architecture-1.jpg","name":"Villa-S-Y-Baumstark-Architecture-1.jpg","meta":{"brizy_attachment_uid":"wp-782bd5b0ed28ccb84cb0b852faeb7272.jpg","brizy_post_uid":["be9ff4634255c3bf9d80e62824c940e3"]}},{"id":2059,"url":"https:\/\/www.baumstarkarchitecture.com\/wp-content\/uploads\/2025\/05\/Villa-S-Y-Baumstark-Architecture-2.jpg","name":"Villa-S-Y-Baumstark-Architecture-2.jpg","meta":{"brizy_attachment_uid":"wp-0ac35de51b44268d4c08d18fdcd80cd8.jpg","brizy_post_uid":["be9ff4634255c3bf9d80e62824c940e3"]}},{"id":2060,"url":"https:\/\/www.baumstarkarchitecture.com\/wp-content\/uploads\/2025\/05\/Villa-S-Y-Baumstark-Architecture-3.jpg","name":"Villa-S-Y-Baumstark-Architecture-3.jpg","meta":{"brizy_attachment_uid":"wp-3caae7fc2c18d02a61a646f477094479.jpg","brizy_post_uid":["be9ff4634255c3bf9d80e62824c940e3"]}},{"id":2061,"url":"https:\/\/www.baumstarkarchitecture.com\/wp-content\/uploads\/2025\/05\/Villa-S-Y-Baumstark-Architecture-4.jpg","name":"Villa-S-Y-Baumstark-Architecture-4.jpg","meta":{"brizy_attachment_uid":"wp-eec442511e2c39dfb0062245e91560d5.jpg","brizy_post_uid":["be9ff4634255c3bf9d80e62824c940e3","a94e234ee1fd897a040e066a64a613b7"]}},{"id":2062,"url":"https:\/\/www.baumstarkarchitecture.com\/wp-content\/uploads\/2025\/05\/Villa-S-Y-Baumstark-Architecture-5.jpg","name":"Villa-S-Y-Baumstark-Architecture-5.jpg","meta":{"brizy_attachment_uid":"wp-a66aac1c7f83bf67612b0e196ca43d37.jpg","brizy_post_uid":["be9ff4634255c3bf9d80e62824c940e3"]}},{"id":2063,"url":"https:\/\/www.baumstarkarchitecture.com\/wp-content\/uploads\/2025\/05\/Villa-S-Y-Baumstark-Architecture-6.jpg","name":"Villa-S-Y-Baumstark-Architecture-6.jpg","meta":{"brizy_attachment_uid":"wp-aedeffadea5e5017f1bde56e1ea4e093.jpg","brizy_post_uid":["be9ff4634255c3bf9d80e62824c940e3"]}},{"id":2064,"url":"https:\/\/www.baumstarkarchitecture.com\/wp-content\/uploads\/2025\/05\/Villa-S-Y-Baumstark-Architecture-7.jpg","name":"Villa-S-Y-Baumstark-Architecture-7.jpg","meta":{"brizy_attachment_uid":"wp-2bebee6fcb5cfee16e2756150e663613.jpg","brizy_post_uid":["be9ff4634255c3bf9d80e62824c940e3","a94e234ee1fd897a040e066a64a613b7"]}},{"id":2065,"url":"https:\/\/www.baumstarkarchitecture.com\/wp-content\/uploads\/2025\/05\/Villa-S-Y-Baumstark-Architecture-8.jpg","name":"Villa-S-Y-Baumstark-Architecture-8.jpg","meta":{"brizy_attachment_uid":"wp-2f57e3f386466ded87e6a5d667c4a6a5.jpg","brizy_post_uid":["be9ff4634255c3bf9d80e62824c940e3"]}},{"id":2066,"url":"https:\/\/www.baumstarkarchitecture.com\/wp-content\/uploads\/2025\/05\/Villa-S-Y-Baumstark-Architecture-9.jpg","name":"Villa-S-Y-Baumstark-Architecture-9.jpg","meta":{"brizy_attachment_uid":"wp-572f99f2420c451549bd6e54a7a84781.jpg","brizy_post_uid":["be9ff4634255c3bf9d80e62824c940e3"]}},{"id":2067,"url":"https:\/\/www.baumstarkarchitecture.com\/wp-content\/uploads\/2025\/05\/Villa-S-Y-Baumstark-Architecture-10.jpg","name":"Villa-S-Y-Baumstark-Architecture-10.jpg","meta":{"brizy_attachment_uid":"wp-348f90a1b323b7b24f2488afb5894580.jpg","brizy_post_uid":["be9ff4634255c3bf9d80e62824c940e3"]}}],"_links":{"self":[{"href":"https:\/\/www.baumstarkarchitecture.com\/en\/wp-json\/wp\/v2\/realisation\/1738","targetHints":{"allow":["GET"]}}],"collection":[{"href":"https:\/\/www.baumstarkarchitecture.com\/en\/wp-json\/wp\/v2\/realisation"}],"about":[{"href":"https:\/\/www.baumstarkarchitecture.com\/en\/wp-json\/wp\/v2\/types\/realisation"}],"wp:featuredmedia":[{"embeddable":true,"href":"https:\/\/www.baumstarkarchitecture.com\/en\/wp-json\/wp\/v2\/media\/1746"}],"wp:attachment":[{"href":"https:\/\/www.baumstarkarchitecture.com\/en\/wp-json\/wp\/v2\/media?parent=1738"}],"wp:term":[{"taxonomy":"categorie_de_realisation","embeddable":true,"href":"https:\/\/www.baumstarkarchitecture.com\/en\/wp-json\/wp\/v2\/categorie_de_realisation?post=1738"}],"curies":[{"name":"wp","href":"https:\/\/api.w.org\/{rel}","templated":true}]}}